{"id":491,"date":"2015-04-22T10:58:12","date_gmt":"2015-04-22T08:58:12","guid":{"rendered":"http:\/\/www.el-pan-alegre.org\/wordpress\/?page_id=491"},"modified":"2019-09-14T16:33:02","modified_gmt":"2019-09-14T14:33:02","slug":"was-wollen-wir","status":"publish","type":"page","link":"https:\/\/www.el-pan-alegre.org\/wordpress\/en-buenas-manos-e-v\/was-wollen-wir\/","title":{"rendered":"Was wollen wir?"},"content":{"rendered":"<ul>\n<li>\n<h2><a href=\"http:\/\/www.el-pan-alegre.org\/wordpress\/verein\/was-wollen-wir\/unsere-werte-und-ziele\/\">Unsere Werte und Ziele<\/a><\/h2>\n<\/li>\n<li>\n<h2><a href=\"http:\/\/www.el-pan-alegre.org\/wordpress\/verein\/was-wollen-wir\/vereinssatzung\/\">Vereinssatzung<\/a><\/h2>\n<\/li>\n<\/ul>\n","protected":false},"excerpt":{"rendered":"<p>Unsere Werte und Ziele Vereinssatzung<\/p>\n","protected":false},"author":1,"featured_media":0,"parent":2166,"menu_order":5,"comment_status":"closed","ping_status":"closed","template":"","meta":{"jetpack_post_was_ever_published":false,"footnotes":""},"class_list":["post-491","page","type-page","status-publish","hentry"],"yoast_head":"<!-- This site is optimized with the Yoast SEO plugin v27.5 - https:\/\/yoast.com\/product\/yoast-seo-wordpress\/ -->\n<title>Was wollen wir? - El Pan Alegre<\/title>\n<meta name=\"robots\" content=\"index, follow, max-snippet:-1, max-image-preview:large, max-video-preview:-1\" \/>\n<link rel=\"canonical\" href=\"https:\/\/www.el-pan-alegre.org\/wordpress\/en-buenas-manos-e-v\/was-wollen-wir\/\" \/>\n<meta property=\"og:locale\" content=\"de_DE\" \/>\n<meta property=\"og:type\" content=\"article\" \/>\n<meta property=\"og:title\" content=\"Was wollen wir? - El Pan Alegre\" \/>\n<meta property=\"og:description\" content=\"Unsere Werte und Ziele Vereinssatzung\" \/>\n<meta property=\"og:url\" content=\"https:\/\/www.el-pan-alegre.org\/wordpress\/en-buenas-manos-e-v\/was-wollen-wir\/\" \/>\n<meta property=\"og:site_name\" content=\"El Pan Alegre\" \/>\n<meta property=\"article:modified_time\" content=\"2019-09-14T14:33:02+00:00\" \/>\n<meta name=\"twitter:card\" content=\"summary_large_image\" \/>\n<script type=\"application\/ld+json\" class=\"yoast-schema-graph\">{\"@context\":\"https:\\\/\\\/schema.org\",\"@graph\":[{\"@type\":\"WebPage\",\"@id\":\"https:\\\/\\\/www.el-pan-alegre.org\\\/wordpress\\\/en-buenas-manos-e-v\\\/was-wollen-wir\\\/\",\"url\":\"https:\\\/\\\/www.el-pan-alegre.org\\\/wordpress\\\/en-buenas-manos-e-v\\\/was-wollen-wir\\\/\",\"name\":\"Was wollen wir? - El Pan Alegre\",\"isPartOf\":{\"@id\":\"https:\\\/\\\/www.el-pan-alegre.org\\\/wordpress\\\/#website\"},\"datePublished\":\"2015-04-22T08:58:12+00:00\",\"dateModified\":\"2019-09-14T14:33:02+00:00\",\"breadcrumb\":{\"@id\":\"https:\\\/\\\/www.el-pan-alegre.org\\\/wordpress\\\/en-buenas-manos-e-v\\\/was-wollen-wir\\\/#breadcrumb\"},\"inLanguage\":\"de\",\"potentialAction\":[{\"@type\":\"ReadAction\",\"target\":[\"https:\\\/\\\/www.el-pan-alegre.org\\\/wordpress\\\/en-buenas-manos-e-v\\\/was-wollen-wir\\\/\"]}]},{\"@type\":\"BreadcrumbList\",\"@id\":\"https:\\\/\\\/www.el-pan-alegre.org\\\/wordpress\\\/en-buenas-manos-e-v\\\/was-wollen-wir\\\/#breadcrumb\",\"itemListElement\":[{\"@type\":\"ListItem\",\"position\":1,\"name\":\"Home\",\"item\":\"https:\\\/\\\/www.el-pan-alegre.org\\\/wordpress\\\/\"},{\"@type\":\"ListItem\",\"position\":2,\"name\":\"En Buenas Manos e. V.\",\"item\":\"https:\\\/\\\/www.el-pan-alegre.org\\\/wordpress\\\/en-buenas-manos-e-v\\\/\"},{\"@type\":\"ListItem\",\"position\":3,\"name\":\"Was wollen wir?\"}]},{\"@type\":\"WebSite\",\"@id\":\"https:\\\/\\\/www.el-pan-alegre.org\\\/wordpress\\\/#website\",\"url\":\"https:\\\/\\\/www.el-pan-alegre.org\\\/wordpress\\\/\",\"name\":\"El Pan Alegre\",\"description\":\"Das Fr\u00f6hliche Brot\",\"potentialAction\":[{\"@type\":\"SearchAction\",\"target\":{\"@type\":\"EntryPoint\",\"urlTemplate\":\"https:\\\/\\\/www.el-pan-alegre.org\\\/wordpress\\\/?s={search_term_string}\"},\"query-input\":{\"@type\":\"PropertyValueSpecification\",\"valueRequired\":true,\"valueName\":\"search_term_string\"}}],\"inLanguage\":\"de\"}]}<\/script>\n<!-- \/ Yoast SEO plugin. -->","yoast_head_json":{"title":"Was wollen wir? - El Pan Alegre","robots":{"index":"index","follow":"follow","max-snippet":"max-snippet:-1","max-image-preview":"max-image-preview:large","max-video-preview":"max-video-preview:-1"},"canonical":"https:\/\/www.el-pan-alegre.org\/wordpress\/en-buenas-manos-e-v\/was-wollen-wir\/","og_locale":"de_DE","og_type":"article","og_title":"Was wollen wir? - El Pan Alegre","og_description":"Unsere Werte und Ziele Vereinssatzung","og_url":"https:\/\/www.el-pan-alegre.org\/wordpress\/en-buenas-manos-e-v\/was-wollen-wir\/","og_site_name":"El Pan Alegre","article_modified_time":"2019-09-14T14:33:02+00:00","twitter_card":"summary_large_image","schema":{"@context":"https:\/\/schema.org","@graph":[{"@type":"WebPage","@id":"https:\/\/www.el-pan-alegre.org\/wordpress\/en-buenas-manos-e-v\/was-wollen-wir\/","url":"https:\/\/www.el-pan-alegre.org\/wordpress\/en-buenas-manos-e-v\/was-wollen-wir\/","name":"Was wollen wir? - El Pan Alegre","isPartOf":{"@id":"https:\/\/www.el-pan-alegre.org\/wordpress\/#website"},"datePublished":"2015-04-22T08:58:12+00:00","dateModified":"2019-09-14T14:33:02+00:00","breadcrumb":{"@id":"https:\/\/www.el-pan-alegre.org\/wordpress\/en-buenas-manos-e-v\/was-wollen-wir\/#breadcrumb"},"inLanguage":"de","potentialAction":[{"@type":"ReadAction","target":["https:\/\/www.el-pan-alegre.org\/wordpress\/en-buenas-manos-e-v\/was-wollen-wir\/"]}]},{"@type":"BreadcrumbList","@id":"https:\/\/www.el-pan-alegre.org\/wordpress\/en-buenas-manos-e-v\/was-wollen-wir\/#breadcrumb","itemListElement":[{"@type":"ListItem","position":1,"name":"Home","item":"https:\/\/www.el-pan-alegre.org\/wordpress\/"},{"@type":"ListItem","position":2,"name":"En Buenas Manos e. V.","item":"https:\/\/www.el-pan-alegre.org\/wordpress\/en-buenas-manos-e-v\/"},{"@type":"ListItem","position":3,"name":"Was wollen wir?"}]},{"@type":"WebSite","@id":"https:\/\/www.el-pan-alegre.org\/wordpress\/#website","url":"https:\/\/www.el-pan-alegre.org\/wordpress\/","name":"El Pan Alegre","description":"Das Fr\u00f6hliche Brot","potentialAction":[{"@type":"SearchAction","target":{"@type":"EntryPoint","urlTemplate":"https:\/\/www.el-pan-alegre.org\/wordpress\/?s={search_term_string}"},"query-input":{"@type":"PropertyValueSpecification","valueRequired":true,"valueName":"search_term_string"}}],"inLanguage":"de"}]}},"jetpack_sharing_enabled":true,"jetpack_shortlink":"https:\/\/wp.me\/P62TDh-7V","jetpack-related-posts":[{"id":803,"url":"https:\/\/www.el-pan-alegre.org\/wordpress\/en-buenas-manos-e-v\/was-wollen-wir\/unsere-werte-und-ziele\/","url_meta":{"origin":491,"position":0},"title":"Unsere Werte und Ziele","author":"Madeleine Porr","date":"30. August 2015","format":false,"excerpt":"Der Projekttr\u00e4ger EN BUENAS MANOS (spanisch f\u00fcr: IN GUTEN H\u00c4NDEN) e.V. wurde im September 2005 von Mitgliedern des IKN International Knowledge Network for Sustainable Development (S\u00fcd-S\u00fcd-Nord-Wissensnetzwerk f\u00fcr nachhaltige Entwicklung) an der Technischen Universit\u00e4t Berlin gegr\u00fcndet und ist als gemeinn\u00fctziger Verein zur F\u00f6rderung der Kultur, der V\u00f6lkerverst\u00e4ndigung, der Natur und des\u2026","rel":"","context":"\u00c4hnlicher Beitrag","block_context":{"text":"\u00c4hnlicher Beitrag","link":""},"img":{"alt_text":"","src":"","width":0,"height":0},"classes":[]},{"id":795,"url":"https:\/\/www.el-pan-alegre.org\/wordpress\/en-buenas-manos-e-v\/was-wollen-wir\/vereinssatzung\/","url_meta":{"origin":491,"position":1},"title":"Vereinssatzung","author":"Madeleine Porr","date":"30. August 2015","format":false,"excerpt":"\u00bbEN BUENAS MANOS\u00ab e.V. (dt.: \u00bbIn Guten H\u00e4nden\u00ab) \u00a7 1 Name, Rechtsform, Sitz, Gesch\u00e4ftsjahr Der Verein f\u00fchrt den Namen \u00bbEn Buenas Manos\u00ab e.V. Der Verein hat seinen Sitz in Berlin, Deutschland. Der Verein soll in das Vereinsregister eingetragen werden. Das Gesch\u00e4ftsjahr ist das Kalenderjahr. Das erste Rumpfgesch\u00e4ftsjahr endet am 31.12.2005.\u2026","rel":"","context":"\u00c4hnlicher Beitrag","block_context":{"text":"\u00c4hnlicher Beitrag","link":""},"img":{"alt_text":"","src":"","width":0,"height":0},"classes":[]},{"id":539,"url":"https:\/\/www.el-pan-alegre.org\/wordpress\/wissen\/downloads\/","url_meta":{"origin":491,"position":2},"title":"Downloads","author":"Anja Mocker","date":"22. April 2015","format":false,"excerpt":"Hier finden Sie alle Materialien von En Buenas Manos e.V. auf einen Blick \/ a continuaci\u00f3n ustedes encontrar\u00e1n todos los materiales disponibles sobre el trabajo de En Buenas Manos: Informationsmaterial \/ informaciones BESCHREIBUNG \/ DESCRIPCI\u00d3N: DAS FR\u00d6HLICHE BROT - Flyer auf Deutsch (Au\u00dfenseite) DAS FR\u00d6HLICHE BROT - Flyer auf Deutsch\u2026","rel":"","context":"\u00c4hnlicher Beitrag","block_context":{"text":"\u00c4hnlicher Beitrag","link":""},"img":{"alt_text":"","src":"","width":0,"height":0},"classes":[]},{"id":2166,"url":"https:\/\/www.el-pan-alegre.org\/wordpress\/en-buenas-manos-e-v\/","url_meta":{"origin":491,"position":3},"title":"En Buenas Manos e. V.","author":"Madeleine Porr","date":"13. August 2019","format":false,"excerpt":"Zum Verein Vereinsmitglieder Was wollen wir? Was machen wir? Unterst\u00fctzen \/ Mitmachen! Zu unserer Geschichte (im Aufbau)","rel":"","context":"\u00c4hnlicher Beitrag","block_context":{"text":"\u00c4hnlicher Beitrag","link":""},"img":{"alt_text":"","src":"","width":0,"height":0},"classes":[]},{"id":1795,"url":"https:\/\/www.el-pan-alegre.org\/wordpress\/en-buenas-manos-e-v\/was-machen-wir\/referenzen\/","url_meta":{"origin":491,"position":4},"title":"Referenzen","author":"Madeleine Porr","date":"4. Januar 2018","format":false,"excerpt":"Deutschland FEZ-Berlin: Kooperation mit En Buenas Manos e. V. (Europas gr\u00f6\u00dftes gemeinn\u00fctziges Freizeit-, Bildungs- und Erholungszentrum, Berlin) FEZ-Berlin: Projekt \"Paradies Wuhlheide\" (Europas gr\u00f6\u00dftes gemeinn\u00fctziges Freizeit-, Bildungs- und Erholungszentrum, Berlin) FEZ-Berl\u00edn: proyecto \"Para\u00edso Wuhlheide\" (mayor centro europeo recreativo y educativo sin \u00e1nimo de lucro para familias, ni\u00f1@s y j\u00f3venes) Kuba CUBASOLAR\u2026","rel":"","context":"\u00c4hnlicher Beitrag","block_context":{"text":"\u00c4hnlicher Beitrag","link":""},"img":{"alt_text":"","src":"","width":0,"height":0},"classes":[]},{"id":517,"url":"https:\/\/www.el-pan-alegre.org\/wordpress\/en-buenas-manos-e-v\/zum-verein\/impressum\/","url_meta":{"origin":491,"position":5},"title":"Impressum","author":"Anja Mocker","date":"22. April 2015","format":false,"excerpt":"En Buenas Manos e.V. (dt.: \u00bbIn Guten H\u00e4nden\u00ab) \u2013 Gemeinn\u00fctziger Verein zur F\u00f6rderung der Kultur, der V\u00f6lkerverst\u00e4ndigung, der Natur und des Umweltschutzes und Tr\u00e4gerverein des Projekts \u201eEl Pan Alegre - Das Fr\u00f6hliche Brot\u201c \u2013 (Vorsitzender: R. Gummlich, Strausberger Stra\u00dfe 37 \/ D-10243 Berlin) E-Mail: kontakt (at) el-pan-alegre (dot) org Das\u2026","rel":"","context":"\u00c4hnlicher Beitrag","block_context":{"text":"\u00c4hnlicher Beitrag","link":""},"img":{"alt_text":"","src":"https:\/\/i0.wp.com\/www.el-pan-alegre.org\/wordpress\/wp-content\/uploads\/2009\/01\/pict-by.png?resize=350%2C200","width":350,"height":200},"classes":[]}],"_links":{"self":[{"href":"https:\/\/www.el-pan-alegre.org\/wordpress\/wp-json\/wp\/v2\/pages\/491","targetHints":{"allow":["GET"]}}],"collection":[{"href":"https:\/\/www.el-pan-alegre.org\/wordpress\/wp-json\/wp\/v2\/pages"}],"about":[{"href":"https:\/\/www.el-pan-alegre.org\/wordpress\/wp-json\/wp\/v2\/types\/page"}],"author":[{"embeddable":true,"href":"https:\/\/www.el-pan-alegre.org\/wordpress\/wp-json\/wp\/v2\/users\/1"}],"replies":[{"embeddable":true,"href":"https:\/\/www.el-pan-alegre.org\/wordpress\/wp-json\/wp\/v2\/comments?post=491"}],"version-history":[{"count":12,"href":"https:\/\/www.el-pan-alegre.org\/wordpress\/wp-json\/wp\/v2\/pages\/491\/revisions"}],"predecessor-version":[{"id":840,"href":"https:\/\/www.el-pan-alegre.org\/wordpress\/wp-json\/wp\/v2\/pages\/491\/revisions\/840"}],"up":[{"embeddable":true,"href":"https:\/\/www.el-pan-alegre.org\/wordpress\/wp-json\/wp\/v2\/pages\/2166"}],"wp:attachment":[{"href":"https:\/\/www.el-pan-alegre.org\/wordpress\/wp-json\/wp\/v2\/media?parent=491"}],"curies":[{"name":"wp","href":"https:\/\/api.w.org\/{rel}","templated":true}]}}