{"id":478,"date":"2015-04-21T13:42:05","date_gmt":"2015-04-21T11:42:05","guid":{"rendered":"http:\/\/www.el-pan-alegre.org\/wordpress\/?page_id=478"},"modified":"2023-07-11T12:27:16","modified_gmt":"2023-07-11T10:27:16","slug":"wir","status":"publish","type":"page","link":"https:\/\/www.el-pan-alegre.org\/wordpress\/en-buenas-manos-e-v\/wir\/","title":{"rendered":"Vereinsmitglieder"},"content":{"rendered":"<p><strong>Vorstand<br \/>\n<\/strong><a href=\"http:\/\/www.robert-gummlich.de\" target=\"_blank\" rel=\"noopener\">Robert Gummlich<\/a><br \/>\n<a href=\"https:\/\/www.xing.com\/profile\/Jan_Jacobs3\" target=\"_blank\" rel=\"noopener\">Dr. Jan Jacobs<\/a><br \/>\n<a href=\"http:\/\/www.anjamocker.de\/\" target=\"_blank\" rel=\"noopener\">Anja Mocker<\/a><br \/>\n<a href=\"http:\/\/www.madeleine-porr.de\/\" target=\"_blank\" rel=\"noopener\">Madeleine Porr<\/a><\/p>\n<p><strong>Mitglieder<br \/>\n<\/strong>Stefanie Balk<br \/>\nUdo Blum<br \/>\nAngelika Cummerow<br \/>\nEvelyn Echeverria<br \/>\nIvonn Kramm-Hengari<br \/>\nClaudia Mocker<br \/>\nMonika Schierenberg (<a href=\"http:\/\/ecomujer.org\/\" target=\"_blank\" rel=\"noopener\">EcoMujer<\/a> e. V.)<br \/>\nRoland Schnell<br \/>\n(<a href=\"http:\/\/www.fnbb.de\/\" target=\"_blank\" rel=\"noopener\">F\u00f6rdergesellschaft f\u00fcr nachhaltige Biogas- und Bioenergienutzung<\/a> e. V.)<br \/>\nAngela Valdes<br \/>\nSilvia Wolf<br \/>\nDr. Stefan Wolf<br \/>\nDr. Doris Wollgien<\/p>\n<h1><strong><a href=\"http:\/\/www.el-pan-alegre.org\/wordpress\/verein\/wir\/impressum\/\">IMPRESSUM<br \/>\n<\/a><a href=\"http:\/\/www.el-pan-alegre.org\/wordpress\/verein\/wir\/kontakt\/\">KONTAKT<\/a><\/strong><\/h1>\n","protected":false},"excerpt":{"rendered":"<p>Vorstand Robert Gummlich Dr. Jan Jacobs Anja Mocker Madeleine Porr Mitglieder Stefanie Balk Udo Blum Angelika Cummerow Evelyn Echeverria Ivonn Kramm-Hengari Claudia Mocker Monika Schierenberg (EcoMujer e. V.) Roland Schnell (F\u00f6rdergesellschaft f\u00fcr nachhaltige Biogas- und Bioenergienutzung e. V.) Angela Valdes &hellip; <a href=\"https:\/\/www.el-pan-alegre.org\/wordpress\/en-buenas-manos-e-v\/wir\/\">Weiterlesen <span class=\"meta-nav\">&rarr;<\/span><\/a><\/p>\n","protected":false},"author":2,"featured_media":0,"parent":2166,"menu_order":3,"comment_status":"closed","ping_status":"closed","template":"","meta":{"jetpack_post_was_ever_published":false,"footnotes":""},"class_list":["post-478","page","type-page","status-publish","hentry"],"yoast_head":"<!-- This site is optimized with the Yoast SEO plugin v27.5 - https:\/\/yoast.com\/product\/yoast-seo-wordpress\/ -->\n<title>Vereinsmitglieder - El Pan Alegre<\/title>\n<meta name=\"robots\" content=\"index, follow, max-snippet:-1, max-image-preview:large, max-video-preview:-1\" \/>\n<link rel=\"canonical\" href=\"https:\/\/www.el-pan-alegre.org\/wordpress\/en-buenas-manos-e-v\/wir\/\" \/>\n<meta property=\"og:locale\" content=\"de_DE\" \/>\n<meta property=\"og:type\" content=\"article\" \/>\n<meta property=\"og:title\" content=\"Vereinsmitglieder - El Pan Alegre\" \/>\n<meta property=\"og:description\" content=\"Vorstand Robert Gummlich Dr. Jan Jacobs Anja Mocker Madeleine Porr Mitglieder Stefanie Balk Udo Blum Angelika Cummerow Evelyn Echeverria Ivonn Kramm-Hengari Claudia Mocker Monika Schierenberg (EcoMujer e. V.) Roland Schnell (F\u00f6rdergesellschaft f\u00fcr nachhaltige Biogas- und Bioenergienutzung e. V.) Angela Valdes &hellip; Weiterlesen &rarr;\" \/>\n<meta property=\"og:url\" content=\"https:\/\/www.el-pan-alegre.org\/wordpress\/en-buenas-manos-e-v\/wir\/\" \/>\n<meta property=\"og:site_name\" content=\"El Pan Alegre\" \/>\n<meta property=\"article:modified_time\" content=\"2023-07-11T10:27:16+00:00\" \/>\n<meta name=\"twitter:card\" content=\"summary_large_image\" \/>\n<meta name=\"twitter:label1\" content=\"Gesch\u00e4tzte Lesezeit\" \/>\n\t<meta name=\"twitter:data1\" content=\"1\u00a0Minute\" \/>\n<script type=\"application\/ld+json\" class=\"yoast-schema-graph\">{\"@context\":\"https:\\\/\\\/schema.org\",\"@graph\":[{\"@type\":\"WebPage\",\"@id\":\"https:\\\/\\\/www.el-pan-alegre.org\\\/wordpress\\\/en-buenas-manos-e-v\\\/wir\\\/\",\"url\":\"https:\\\/\\\/www.el-pan-alegre.org\\\/wordpress\\\/en-buenas-manos-e-v\\\/wir\\\/\",\"name\":\"Vereinsmitglieder - El Pan Alegre\",\"isPartOf\":{\"@id\":\"https:\\\/\\\/www.el-pan-alegre.org\\\/wordpress\\\/#website\"},\"datePublished\":\"2015-04-21T11:42:05+00:00\",\"dateModified\":\"2023-07-11T10:27:16+00:00\",\"breadcrumb\":{\"@id\":\"https:\\\/\\\/www.el-pan-alegre.org\\\/wordpress\\\/en-buenas-manos-e-v\\\/wir\\\/#breadcrumb\"},\"inLanguage\":\"de\",\"potentialAction\":[{\"@type\":\"ReadAction\",\"target\":[\"https:\\\/\\\/www.el-pan-alegre.org\\\/wordpress\\\/en-buenas-manos-e-v\\\/wir\\\/\"]}]},{\"@type\":\"BreadcrumbList\",\"@id\":\"https:\\\/\\\/www.el-pan-alegre.org\\\/wordpress\\\/en-buenas-manos-e-v\\\/wir\\\/#breadcrumb\",\"itemListElement\":[{\"@type\":\"ListItem\",\"position\":1,\"name\":\"Home\",\"item\":\"https:\\\/\\\/www.el-pan-alegre.org\\\/wordpress\\\/\"},{\"@type\":\"ListItem\",\"position\":2,\"name\":\"En Buenas Manos e. V.\",\"item\":\"https:\\\/\\\/www.el-pan-alegre.org\\\/wordpress\\\/en-buenas-manos-e-v\\\/\"},{\"@type\":\"ListItem\",\"position\":3,\"name\":\"Vereinsmitglieder\"}]},{\"@type\":\"WebSite\",\"@id\":\"https:\\\/\\\/www.el-pan-alegre.org\\\/wordpress\\\/#website\",\"url\":\"https:\\\/\\\/www.el-pan-alegre.org\\\/wordpress\\\/\",\"name\":\"El Pan Alegre\",\"description\":\"Das Fr\u00f6hliche Brot\",\"potentialAction\":[{\"@type\":\"SearchAction\",\"target\":{\"@type\":\"EntryPoint\",\"urlTemplate\":\"https:\\\/\\\/www.el-pan-alegre.org\\\/wordpress\\\/?s={search_term_string}\"},\"query-input\":{\"@type\":\"PropertyValueSpecification\",\"valueRequired\":true,\"valueName\":\"search_term_string\"}}],\"inLanguage\":\"de\"}]}<\/script>\n<!-- \/ Yoast SEO plugin. -->","yoast_head_json":{"title":"Vereinsmitglieder - El Pan Alegre","robots":{"index":"index","follow":"follow","max-snippet":"max-snippet:-1","max-image-preview":"max-image-preview:large","max-video-preview":"max-video-preview:-1"},"canonical":"https:\/\/www.el-pan-alegre.org\/wordpress\/en-buenas-manos-e-v\/wir\/","og_locale":"de_DE","og_type":"article","og_title":"Vereinsmitglieder - El Pan Alegre","og_description":"Vorstand Robert Gummlich Dr. Jan Jacobs Anja Mocker Madeleine Porr Mitglieder Stefanie Balk Udo Blum Angelika Cummerow Evelyn Echeverria Ivonn Kramm-Hengari Claudia Mocker Monika Schierenberg (EcoMujer e. V.) Roland Schnell (F\u00f6rdergesellschaft f\u00fcr nachhaltige Biogas- und Bioenergienutzung e. V.) Angela Valdes &hellip; Weiterlesen &rarr;","og_url":"https:\/\/www.el-pan-alegre.org\/wordpress\/en-buenas-manos-e-v\/wir\/","og_site_name":"El Pan Alegre","article_modified_time":"2023-07-11T10:27:16+00:00","twitter_card":"summary_large_image","twitter_misc":{"Gesch\u00e4tzte Lesezeit":"1\u00a0Minute"},"schema":{"@context":"https:\/\/schema.org","@graph":[{"@type":"WebPage","@id":"https:\/\/www.el-pan-alegre.org\/wordpress\/en-buenas-manos-e-v\/wir\/","url":"https:\/\/www.el-pan-alegre.org\/wordpress\/en-buenas-manos-e-v\/wir\/","name":"Vereinsmitglieder - El Pan Alegre","isPartOf":{"@id":"https:\/\/www.el-pan-alegre.org\/wordpress\/#website"},"datePublished":"2015-04-21T11:42:05+00:00","dateModified":"2023-07-11T10:27:16+00:00","breadcrumb":{"@id":"https:\/\/www.el-pan-alegre.org\/wordpress\/en-buenas-manos-e-v\/wir\/#breadcrumb"},"inLanguage":"de","potentialAction":[{"@type":"ReadAction","target":["https:\/\/www.el-pan-alegre.org\/wordpress\/en-buenas-manos-e-v\/wir\/"]}]},{"@type":"BreadcrumbList","@id":"https:\/\/www.el-pan-alegre.org\/wordpress\/en-buenas-manos-e-v\/wir\/#breadcrumb","itemListElement":[{"@type":"ListItem","position":1,"name":"Home","item":"https:\/\/www.el-pan-alegre.org\/wordpress\/"},{"@type":"ListItem","position":2,"name":"En Buenas Manos e. V.","item":"https:\/\/www.el-pan-alegre.org\/wordpress\/en-buenas-manos-e-v\/"},{"@type":"ListItem","position":3,"name":"Vereinsmitglieder"}]},{"@type":"WebSite","@id":"https:\/\/www.el-pan-alegre.org\/wordpress\/#website","url":"https:\/\/www.el-pan-alegre.org\/wordpress\/","name":"El Pan Alegre","description":"Das Fr\u00f6hliche Brot","potentialAction":[{"@type":"SearchAction","target":{"@type":"EntryPoint","urlTemplate":"https:\/\/www.el-pan-alegre.org\/wordpress\/?s={search_term_string}"},"query-input":{"@type":"PropertyValueSpecification","valueRequired":true,"valueName":"search_term_string"}}],"inLanguage":"de"}]}},"jetpack_sharing_enabled":true,"jetpack_shortlink":"https:\/\/wp.me\/P62TDh-7I","jetpack-related-posts":[{"id":517,"url":"https:\/\/www.el-pan-alegre.org\/wordpress\/en-buenas-manos-e-v\/zum-verein\/impressum\/","url_meta":{"origin":478,"position":0},"title":"Impressum","author":"Anja Mocker","date":"22. April 2015","format":false,"excerpt":"En Buenas Manos e.V. (dt.: \u00bbIn Guten H\u00e4nden\u00ab) \u2013 Gemeinn\u00fctziger Verein zur F\u00f6rderung der Kultur, der V\u00f6lkerverst\u00e4ndigung, der Natur und des Umweltschutzes und Tr\u00e4gerverein des Projekts \u201eEl Pan Alegre - Das Fr\u00f6hliche Brot\u201c \u2013 (Vorsitzender: R. Gummlich, Strausberger Stra\u00dfe 37 \/ D-10243 Berlin) E-Mail: kontakt (at) el-pan-alegre (dot) org Das\u2026","rel":"","context":"\u00c4hnlicher Beitrag","block_context":{"text":"\u00c4hnlicher Beitrag","link":""},"img":{"alt_text":"","src":"https:\/\/i0.wp.com\/www.el-pan-alegre.org\/wordpress\/wp-content\/uploads\/2009\/01\/pict-by.png?resize=350%2C200","width":350,"height":200},"classes":[]},{"id":491,"url":"https:\/\/www.el-pan-alegre.org\/wordpress\/en-buenas-manos-e-v\/was-wollen-wir\/","url_meta":{"origin":478,"position":1},"title":"Was wollen wir?","author":"Anja Mocker","date":"22. April 2015","format":false,"excerpt":"Unsere Werte und Ziele Vereinssatzung","rel":"","context":"\u00c4hnlicher Beitrag","block_context":{"text":"\u00c4hnlicher Beitrag","link":""},"img":{"alt_text":"","src":"","width":0,"height":0},"classes":[]},{"id":497,"url":"https:\/\/www.el-pan-alegre.org\/wordpress\/en-buenas-manos-e-v\/was-machen-wir\/","url_meta":{"origin":478,"position":2},"title":"Was machen wir?","author":"Anja Mocker","date":"22. April 2015","format":false,"excerpt":"Arbeitsberichte Auszeichnungen F\u00f6rderungen Referenzen Schirmherrschaft(en)","rel":"","context":"\u00c4hnlicher Beitrag","block_context":{"text":"\u00c4hnlicher Beitrag","link":""},"img":{"alt_text":"","src":"","width":0,"height":0},"classes":[]},{"id":515,"url":"https:\/\/www.el-pan-alegre.org\/wordpress\/en-buenas-manos-e-v\/zum-verein\/kontakt\/","url_meta":{"origin":478,"position":3},"title":"Kontakt","author":"Anja Mocker","date":"22. April 2015","format":false,"excerpt":"F\u00fcr alle Anfragen, Nachfragen und vertiefenden Informationen: kontakt(at)el-pan-alegre(dot)org","rel":"","context":"\u00c4hnlicher Beitrag","block_context":{"text":"\u00c4hnlicher Beitrag","link":""},"img":{"alt_text":"","src":"","width":0,"height":0},"classes":[]},{"id":569,"url":"https:\/\/www.el-pan-alegre.org\/wordpress\/en-buenas-manos-e-v\/was-machen-wir\/auszeichnungen\/","url_meta":{"origin":478,"position":4},"title":"Auszeichnungen","author":"Anja Mocker","date":"22. April 2015","format":false,"excerpt":"Offizielles Projekt der UN-Dekade \"Bildung f\u00fcr nachhaltige Entwicklung\" 2011-2012 \u00a0 \u00a0 \u00a0 \u00a0 \u00a0 \u00a0 \u00a0 \u00a0 Werkstatt-N-Projekt des Deutschen Nachhaltigkeitsrats 2011, 2012 und 2013","rel":"","context":"\u00c4hnlicher Beitrag","block_context":{"text":"\u00c4hnlicher Beitrag","link":""},"img":{"alt_text":"Logo_UN-Dekade_Offizielles Projekt_2011_2012_rgb-WS","src":"https:\/\/i0.wp.com\/www.el-pan-alegre.org\/wordpress\/wp-content\/uploads\/2015\/04\/Logo_UN-Dekade_Offizielles-Projekt_2011_2012_rgb-WS-133x300.jpg?resize=350%2C200","width":350,"height":200},"classes":[]},{"id":501,"url":"https:\/\/www.el-pan-alegre.org\/wordpress\/en-buenas-manos-e-v\/mitmachen\/","url_meta":{"origin":478,"position":5},"title":"Unterst\u00fctzen \/ Mitmachen!","author":"Anja Mocker","date":"22. April 2015","format":false,"excerpt":"Mitarbeiten Vision und Konzept(bestandteile) weiterverbreiten Wissenschaftliche Begleitung Mitglied werden (bitte Formular ausdrucken, ausf\u00fcllen und an die Vereinsadresse schicken) Spenden (\u00fcber unser Konto bei der Triodos Bank) En Buenas Manos e. V. IBAN: DE35 5003 1000 1048 9560 05 BIC: TRODDEF1","rel":"","context":"\u00c4hnlicher Beitrag","block_context":{"text":"\u00c4hnlicher Beitrag","link":""},"img":{"alt_text":"","src":"","width":0,"height":0},"classes":[]}],"_links":{"self":[{"href":"https:\/\/www.el-pan-alegre.org\/wordpress\/wp-json\/wp\/v2\/pages\/478","targetHints":{"allow":["GET"]}}],"collection":[{"href":"https:\/\/www.el-pan-alegre.org\/wordpress\/wp-json\/wp\/v2\/pages"}],"about":[{"href":"https:\/\/www.el-pan-alegre.org\/wordpress\/wp-json\/wp\/v2\/types\/page"}],"author":[{"embeddable":true,"href":"https:\/\/www.el-pan-alegre.org\/wordpress\/wp-json\/wp\/v2\/users\/2"}],"replies":[{"embeddable":true,"href":"https:\/\/www.el-pan-alegre.org\/wordpress\/wp-json\/wp\/v2\/comments?post=478"}],"version-history":[{"count":15,"href":"https:\/\/www.el-pan-alegre.org\/wordpress\/wp-json\/wp\/v2\/pages\/478\/revisions"}],"predecessor-version":[{"id":2916,"href":"https:\/\/www.el-pan-alegre.org\/wordpress\/wp-json\/wp\/v2\/pages\/478\/revisions\/2916"}],"up":[{"embeddable":true,"href":"https:\/\/www.el-pan-alegre.org\/wordpress\/wp-json\/wp\/v2\/pages\/2166"}],"wp:attachment":[{"href":"https:\/\/www.el-pan-alegre.org\/wordpress\/wp-json\/wp\/v2\/media?parent=478"}],"curies":[{"name":"wp","href":"https:\/\/api.w.org\/{rel}","templated":true}]}}