{"id":1889,"date":"2018-05-22T19:32:37","date_gmt":"2018-05-22T17:32:37","guid":{"rendered":"http:\/\/www.el-pan-alegre.org\/wordpress\/?page_id=1889"},"modified":"2019-09-14T16:53:35","modified_gmt":"2019-09-14T14:53:35","slug":"datenschutz","status":"publish","type":"page","link":"https:\/\/www.el-pan-alegre.org\/wordpress\/en-buenas-manos-e-v\/zum-verein\/datenschutz\/","title":{"rendered":"Datenschutz"},"content":{"rendered":"<p><strong>Datenschutzerkl\u00e4rung<\/strong><\/p>\n<p>Verantwortlich: Madeleine Porr &amp; Anja Mocker (s. <a href=\"http:\/\/www.el-pan-alegre.org\/wordpress\/verein\/wir\/impressum\/\">Impressum<\/a>)<\/p>\n<p>Wer sich als Follower auf dem WordPress-Blog von El Pan Alegre eintr\u00e4gt, ist auch nur mit dem verwendeten Internetnutzernamen bzw. der Emailadresse gespeichert. Dar\u00fcber hinaus erheben und speichern wir keine weiteren Daten und nutzen die angegebenen Namen bzw. Adressen auch nicht f\u00fcr andere Zwecke.<\/p>\n","protected":false},"excerpt":{"rendered":"<p>Datenschutzerkl\u00e4rung Verantwortlich: Madeleine Porr &amp; Anja Mocker (s. Impressum) Wer sich als Follower auf dem WordPress-Blog von El Pan Alegre eintr\u00e4gt, ist auch nur mit dem verwendeten Internetnutzernamen bzw. der Emailadresse gespeichert. Dar\u00fcber hinaus erheben und speichern wir keine weiteren &hellip; <a href=\"https:\/\/www.el-pan-alegre.org\/wordpress\/en-buenas-manos-e-v\/zum-verein\/datenschutz\/\">Weiterlesen <span class=\"meta-nav\">&rarr;<\/span><\/a><\/p>\n","protected":false},"author":2,"featured_media":0,"parent":2193,"menu_order":4,"comment_status":"closed","ping_status":"closed","template":"","meta":{"jetpack_post_was_ever_published":false,"footnotes":""},"class_list":["post-1889","page","type-page","status-publish","hentry"],"yoast_head":"<!-- This site is optimized with the Yoast SEO plugin v27.5 - https:\/\/yoast.com\/product\/yoast-seo-wordpress\/ -->\n<title>Datenschutz - El Pan Alegre<\/title>\n<meta name=\"robots\" content=\"index, follow, max-snippet:-1, max-image-preview:large, max-video-preview:-1\" \/>\n<link rel=\"canonical\" href=\"https:\/\/www.el-pan-alegre.org\/wordpress\/en-buenas-manos-e-v\/zum-verein\/datenschutz\/\" \/>\n<meta property=\"og:locale\" content=\"de_DE\" \/>\n<meta property=\"og:type\" content=\"article\" \/>\n<meta property=\"og:title\" content=\"Datenschutz - El Pan Alegre\" \/>\n<meta property=\"og:description\" content=\"Datenschutzerkl\u00e4rung Verantwortlich: Madeleine Porr &amp; Anja Mocker (s. Impressum) Wer sich als Follower auf dem WordPress-Blog von El Pan Alegre eintr\u00e4gt, ist auch nur mit dem verwendeten Internetnutzernamen bzw. der Emailadresse gespeichert. Dar\u00fcber hinaus erheben und speichern wir keine weiteren &hellip; Weiterlesen &rarr;\" \/>\n<meta property=\"og:url\" content=\"https:\/\/www.el-pan-alegre.org\/wordpress\/en-buenas-manos-e-v\/zum-verein\/datenschutz\/\" \/>\n<meta property=\"og:site_name\" content=\"El Pan Alegre\" \/>\n<meta property=\"article:modified_time\" content=\"2019-09-14T14:53:35+00:00\" \/>\n<meta name=\"twitter:card\" content=\"summary_large_image\" \/>\n<script type=\"application\/ld+json\" class=\"yoast-schema-graph\">{\"@context\":\"https:\\\/\\\/schema.org\",\"@graph\":[{\"@type\":\"WebPage\",\"@id\":\"https:\\\/\\\/www.el-pan-alegre.org\\\/wordpress\\\/en-buenas-manos-e-v\\\/zum-verein\\\/datenschutz\\\/\",\"url\":\"https:\\\/\\\/www.el-pan-alegre.org\\\/wordpress\\\/en-buenas-manos-e-v\\\/zum-verein\\\/datenschutz\\\/\",\"name\":\"Datenschutz - El Pan Alegre\",\"isPartOf\":{\"@id\":\"https:\\\/\\\/www.el-pan-alegre.org\\\/wordpress\\\/#website\"},\"datePublished\":\"2018-05-22T17:32:37+00:00\",\"dateModified\":\"2019-09-14T14:53:35+00:00\",\"breadcrumb\":{\"@id\":\"https:\\\/\\\/www.el-pan-alegre.org\\\/wordpress\\\/en-buenas-manos-e-v\\\/zum-verein\\\/datenschutz\\\/#breadcrumb\"},\"inLanguage\":\"de\",\"potentialAction\":[{\"@type\":\"ReadAction\",\"target\":[\"https:\\\/\\\/www.el-pan-alegre.org\\\/wordpress\\\/en-buenas-manos-e-v\\\/zum-verein\\\/datenschutz\\\/\"]}]},{\"@type\":\"BreadcrumbList\",\"@id\":\"https:\\\/\\\/www.el-pan-alegre.org\\\/wordpress\\\/en-buenas-manos-e-v\\\/zum-verein\\\/datenschutz\\\/#breadcrumb\",\"itemListElement\":[{\"@type\":\"ListItem\",\"position\":1,\"name\":\"Home\",\"item\":\"https:\\\/\\\/www.el-pan-alegre.org\\\/wordpress\\\/\"},{\"@type\":\"ListItem\",\"position\":2,\"name\":\"En Buenas Manos e. V.\",\"item\":\"https:\\\/\\\/www.el-pan-alegre.org\\\/wordpress\\\/en-buenas-manos-e-v\\\/\"},{\"@type\":\"ListItem\",\"position\":3,\"name\":\"Zum Verein\",\"item\":\"https:\\\/\\\/www.el-pan-alegre.org\\\/wordpress\\\/en-buenas-manos-e-v\\\/zum-verein\\\/\"},{\"@type\":\"ListItem\",\"position\":4,\"name\":\"Datenschutz\"}]},{\"@type\":\"WebSite\",\"@id\":\"https:\\\/\\\/www.el-pan-alegre.org\\\/wordpress\\\/#website\",\"url\":\"https:\\\/\\\/www.el-pan-alegre.org\\\/wordpress\\\/\",\"name\":\"El Pan Alegre\",\"description\":\"Das Fr\u00f6hliche Brot\",\"potentialAction\":[{\"@type\":\"SearchAction\",\"target\":{\"@type\":\"EntryPoint\",\"urlTemplate\":\"https:\\\/\\\/www.el-pan-alegre.org\\\/wordpress\\\/?s={search_term_string}\"},\"query-input\":{\"@type\":\"PropertyValueSpecification\",\"valueRequired\":true,\"valueName\":\"search_term_string\"}}],\"inLanguage\":\"de\"}]}<\/script>\n<!-- \/ Yoast SEO plugin. -->","yoast_head_json":{"title":"Datenschutz - El Pan Alegre","robots":{"index":"index","follow":"follow","max-snippet":"max-snippet:-1","max-image-preview":"max-image-preview:large","max-video-preview":"max-video-preview:-1"},"canonical":"https:\/\/www.el-pan-alegre.org\/wordpress\/en-buenas-manos-e-v\/zum-verein\/datenschutz\/","og_locale":"de_DE","og_type":"article","og_title":"Datenschutz - El Pan Alegre","og_description":"Datenschutzerkl\u00e4rung Verantwortlich: Madeleine Porr &amp; Anja Mocker (s. Impressum) Wer sich als Follower auf dem WordPress-Blog von El Pan Alegre eintr\u00e4gt, ist auch nur mit dem verwendeten Internetnutzernamen bzw. der Emailadresse gespeichert. Dar\u00fcber hinaus erheben und speichern wir keine weiteren &hellip; Weiterlesen &rarr;","og_url":"https:\/\/www.el-pan-alegre.org\/wordpress\/en-buenas-manos-e-v\/zum-verein\/datenschutz\/","og_site_name":"El Pan Alegre","article_modified_time":"2019-09-14T14:53:35+00:00","twitter_card":"summary_large_image","schema":{"@context":"https:\/\/schema.org","@graph":[{"@type":"WebPage","@id":"https:\/\/www.el-pan-alegre.org\/wordpress\/en-buenas-manos-e-v\/zum-verein\/datenschutz\/","url":"https:\/\/www.el-pan-alegre.org\/wordpress\/en-buenas-manos-e-v\/zum-verein\/datenschutz\/","name":"Datenschutz - El Pan Alegre","isPartOf":{"@id":"https:\/\/www.el-pan-alegre.org\/wordpress\/#website"},"datePublished":"2018-05-22T17:32:37+00:00","dateModified":"2019-09-14T14:53:35+00:00","breadcrumb":{"@id":"https:\/\/www.el-pan-alegre.org\/wordpress\/en-buenas-manos-e-v\/zum-verein\/datenschutz\/#breadcrumb"},"inLanguage":"de","potentialAction":[{"@type":"ReadAction","target":["https:\/\/www.el-pan-alegre.org\/wordpress\/en-buenas-manos-e-v\/zum-verein\/datenschutz\/"]}]},{"@type":"BreadcrumbList","@id":"https:\/\/www.el-pan-alegre.org\/wordpress\/en-buenas-manos-e-v\/zum-verein\/datenschutz\/#breadcrumb","itemListElement":[{"@type":"ListItem","position":1,"name":"Home","item":"https:\/\/www.el-pan-alegre.org\/wordpress\/"},{"@type":"ListItem","position":2,"name":"En Buenas Manos e. V.","item":"https:\/\/www.el-pan-alegre.org\/wordpress\/en-buenas-manos-e-v\/"},{"@type":"ListItem","position":3,"name":"Zum Verein","item":"https:\/\/www.el-pan-alegre.org\/wordpress\/en-buenas-manos-e-v\/zum-verein\/"},{"@type":"ListItem","position":4,"name":"Datenschutz"}]},{"@type":"WebSite","@id":"https:\/\/www.el-pan-alegre.org\/wordpress\/#website","url":"https:\/\/www.el-pan-alegre.org\/wordpress\/","name":"El Pan Alegre","description":"Das Fr\u00f6hliche Brot","potentialAction":[{"@type":"SearchAction","target":{"@type":"EntryPoint","urlTemplate":"https:\/\/www.el-pan-alegre.org\/wordpress\/?s={search_term_string}"},"query-input":{"@type":"PropertyValueSpecification","valueRequired":true,"valueName":"search_term_string"}}],"inLanguage":"de"}]}},"jetpack_sharing_enabled":true,"jetpack_shortlink":"https:\/\/wp.me\/P62TDh-ut","jetpack-related-posts":[{"id":803,"url":"https:\/\/www.el-pan-alegre.org\/wordpress\/en-buenas-manos-e-v\/was-wollen-wir\/unsere-werte-und-ziele\/","url_meta":{"origin":1889,"position":0},"title":"Unsere Werte und Ziele","author":"Madeleine Porr","date":"30. August 2015","format":false,"excerpt":"Der Projekttr\u00e4ger EN BUENAS MANOS (spanisch f\u00fcr: IN GUTEN H\u00c4NDEN) e.V. wurde im September 2005 von Mitgliedern des IKN International Knowledge Network for Sustainable Development (S\u00fcd-S\u00fcd-Nord-Wissensnetzwerk f\u00fcr nachhaltige Entwicklung) an der Technischen Universit\u00e4t Berlin gegr\u00fcndet und ist als gemeinn\u00fctziger Verein zur F\u00f6rderung der Kultur, der V\u00f6lkerverst\u00e4ndigung, der Natur und des\u2026","rel":"","context":"\u00c4hnlicher Beitrag","block_context":{"text":"\u00c4hnlicher Beitrag","link":""},"img":{"alt_text":"","src":"","width":0,"height":0},"classes":[]},{"id":795,"url":"https:\/\/www.el-pan-alegre.org\/wordpress\/en-buenas-manos-e-v\/was-wollen-wir\/vereinssatzung\/","url_meta":{"origin":1889,"position":1},"title":"Vereinssatzung","author":"Madeleine Porr","date":"30. August 2015","format":false,"excerpt":"\u00bbEN BUENAS MANOS\u00ab e.V. (dt.: \u00bbIn Guten H\u00e4nden\u00ab) \u00a7 1 Name, Rechtsform, Sitz, Gesch\u00e4ftsjahr Der Verein f\u00fchrt den Namen \u00bbEn Buenas Manos\u00ab e.V. Der Verein hat seinen Sitz in Berlin, Deutschland. Der Verein soll in das Vereinsregister eingetragen werden. Das Gesch\u00e4ftsjahr ist das Kalenderjahr. Das erste Rumpfgesch\u00e4ftsjahr endet am 31.12.2005.\u2026","rel":"","context":"\u00c4hnlicher Beitrag","block_context":{"text":"\u00c4hnlicher Beitrag","link":""},"img":{"alt_text":"","src":"","width":0,"height":0},"classes":[]},{"id":2193,"url":"https:\/\/www.el-pan-alegre.org\/wordpress\/en-buenas-manos-e-v\/zum-verein\/","url_meta":{"origin":1889,"position":2},"title":"Zum Verein","author":"Madeleine Porr","date":"14. September 2019","format":false,"excerpt":"gegr. 2005, Sitz: Berlin institutioneller Tr\u00e4ger des Regionalentwicklungskonzepts El Pan Alegre - Das Fr\u00f6hliche Brot, Beispiel f\u00fcr geschlossene optimierte Stoffstromkreisl\u00e4ufe mit den Komponenten Amaranth und Biogas aus organischen Hausabf\u00e4llen aktuell 10 Mitglieder + 1 Ehrenmitglied, davon 5 aktiv (Vorstand, Workshops); Aktivit\u00e4ten aktuell in Berlin und Havanna\/Kuba Finanzierung aktuell durch Mitgliedsbeitr\u00e4ge,\u2026","rel":"","context":"\u00c4hnlicher Beitrag","block_context":{"text":"\u00c4hnlicher Beitrag","link":""},"img":{"alt_text":"","src":"","width":0,"height":0},"classes":[]},{"id":533,"url":"https:\/\/www.el-pan-alegre.org\/wordpress\/wissen\/themen\/oekonomie\/","url_meta":{"origin":1889,"position":3},"title":"\u00d6konomie \/ Econom\u00eda \/ Economy","author":"Anja Mocker","date":"22. April 2015","format":false,"excerpt":"Caring economics Whole Systems Change - Riane Eisler Blue Economy (D) - Artikel in der taz (Jensen, A. und Scheub, U.) Blue Economy (D) - \"100 Blaue Ideen\" Blue Economy (Eng) - \"Nature's 100 Best\" Blue Economy \/ Econom\u00eda Azul (Esp) - \"Nature's 100 Best \/ Los mejores 100 de\u2026","rel":"","context":"\u00c4hnlicher Beitrag","block_context":{"text":"\u00c4hnlicher Beitrag","link":""},"img":{"alt_text":"","src":"","width":0,"height":0},"classes":[]},{"id":488,"url":"https:\/\/www.el-pan-alegre.org\/wordpress\/galerie\/","url_meta":{"origin":1889,"position":4},"title":"Film-\/Fotogalerie","author":"Anja Mocker","date":"22. April 2015","format":false,"excerpt":"+ + +\u00a0 s. auch Blogspot\u00a0 + + + FILM \"Nachhaltig stark und schlau!\" (7:44 Min.) Bildung f\u00fcr nachhaltige Entwicklung; En Buenas Manos e. V. & FEZ-Berlin, 2012 FOTOSHOWS 2009: Probeworkshop im FEZ - \"Abenteuer Gesundheit\" 2010: Start im FEZ-Berlin 2010: AMARANTH-Thementag in der FEZitty, der Sommerferien-Kinderhauptstadt 2010: AMARANTH im\u2026","rel":"","context":"\u00c4hnlicher Beitrag","block_context":{"text":"\u00c4hnlicher Beitrag","link":""},"img":{"alt_text":"","src":"","width":0,"height":0},"classes":[]},{"id":1133,"url":"https:\/\/www.el-pan-alegre.org\/wordpress\/machen\/projekte-de\/im-fez-berlin\/","url_meta":{"origin":1889,"position":5},"title":"Im FEZ-Berlin 2010-15","author":"Madeleine Porr","date":"24. Januar 2016","format":false,"excerpt":"Referenzschreiben des FEZ-Berlin a)\u00a0 Amaranth-Workshops f\u00fcr Schulklassen: Start im FEZ \"Ein starkes Korn f\u00fcr starke Kinder!\" * Amaranth & Honig - ein starkes Team f\u00fcr starke Kinder! Amaranth-Reis-Woche b)\u00a0 Biogas-Workshops f\u00fcr Schulklassen: Der Schatz aus dem \"M\u00fcll\" c)\u00a0 Kreislauf-Workshops f\u00fcr Schulklassen: Die verborgenen Natursch\u00e4tze Sachbericht Foto-Dokumentation d)\u00a0 Kreislauf-Pr\u00e4sentationen bei Wochenendveranstaltungen\u2026","rel":"","context":"\u00c4hnlicher Beitrag","block_context":{"text":"\u00c4hnlicher Beitrag","link":""},"img":{"alt_text":"Team-1","src":"https:\/\/i0.wp.com\/www.el-pan-alegre.org\/wordpress\/wp-content\/uploads\/2016\/01\/Team-1-300x300.jpg?resize=350%2C200","width":350,"height":200},"classes":[]}],"_links":{"self":[{"href":"https:\/\/www.el-pan-alegre.org\/wordpress\/wp-json\/wp\/v2\/pages\/1889","targetHints":{"allow":["GET"]}}],"collection":[{"href":"https:\/\/www.el-pan-alegre.org\/wordpress\/wp-json\/wp\/v2\/pages"}],"about":[{"href":"https:\/\/www.el-pan-alegre.org\/wordpress\/wp-json\/wp\/v2\/types\/page"}],"author":[{"embeddable":true,"href":"https:\/\/www.el-pan-alegre.org\/wordpress\/wp-json\/wp\/v2\/users\/2"}],"replies":[{"embeddable":true,"href":"https:\/\/www.el-pan-alegre.org\/wordpress\/wp-json\/wp\/v2\/comments?post=1889"}],"version-history":[{"count":2,"href":"https:\/\/www.el-pan-alegre.org\/wordpress\/wp-json\/wp\/v2\/pages\/1889\/revisions"}],"predecessor-version":[{"id":1891,"href":"https:\/\/www.el-pan-alegre.org\/wordpress\/wp-json\/wp\/v2\/pages\/1889\/revisions\/1891"}],"up":[{"embeddable":true,"href":"https:\/\/www.el-pan-alegre.org\/wordpress\/wp-json\/wp\/v2\/pages\/2193"}],"wp:attachment":[{"href":"https:\/\/www.el-pan-alegre.org\/wordpress\/wp-json\/wp\/v2\/media?parent=1889"}],"curies":[{"name":"wp","href":"https:\/\/api.w.org\/{rel}","templated":true}]}}