{"id":1795,"date":"2018-01-04T15:59:23","date_gmt":"2018-01-04T14:59:23","guid":{"rendered":"http:\/\/www.el-pan-alegre.org\/wordpress\/?page_id=1795"},"modified":"2018-01-04T17:35:02","modified_gmt":"2018-01-04T16:35:02","slug":"referenzen","status":"publish","type":"page","link":"https:\/\/www.el-pan-alegre.org\/wordpress\/en-buenas-manos-e-v\/was-machen-wir\/referenzen\/","title":{"rendered":"Referenzen"},"content":{"rendered":"<h1>Deutschland<\/h1>\n<ul>\n<li>\n<h2><a href=\"http:\/\/www.el-pan-alegre.org\/2012-Referenz_FEZ.pdf\">FEZ-Berlin: Kooperation mit En Buenas Manos e. V.<\/a> (Europas gr\u00f6\u00dftes gemeinn\u00fctziges Freizeit-, Bildungs- und Erholungszentrum, Berlin)<\/h2>\n<\/li>\n<li>\n<h2><a href=\"http:\/\/www.el-pan-alegre.org\/2015_12_01.-RefFEZ_PEB-PW-dt.pdf\">FEZ-Berlin: Projekt &#8222;Paradies Wuhlheide&#8220;<\/a> (Europas gr\u00f6\u00dftes gemeinn\u00fctziges Freizeit-, Bildungs- und Erholungszentrum, Berlin)<\/h2>\n<\/li>\n<li>\n<h2><a href=\"http:\/\/www.el-pan-alegre.org\/2015_12_01.-RefFEZ_PEB-PW-esp.pdf\">FEZ-Berl\u00edn: proyecto &#8222;Para\u00edso Wuhlheide&#8220;<\/a> (mayor centro europeo recreativo y educativo sin \u00e1nimo de lucro para familias, ni<span style=\"font-family: Arial, sans-serif;\"><span style=\"font-size: small;\">\u00f1@s y j\u00f3venes)<br \/>\n<\/span><\/span><\/h2>\n<\/li>\n<\/ul>\n<h1>Kuba<\/h1>\n<ul>\n<li>\n<h2><a href=\"http:\/\/www.el-pan-alegre.org\/2017_05_31.-Referencia_CUBASOLAR.pdf\">CUBASOLAR <\/a>(Sociedad Cubana para la promoci\u00f3n de las fuentes renovables de energ\u00eda y el respeto ambiental)<\/h2>\n<\/li>\n<\/ul>\n<h1>Mexiko<\/h1>\n<ul>\n<li>\n<h2><a href=\"http:\/\/www.el-pan-alegre.org\/2016_10_07.-Referencia_REMEMUR-VALORURAL.pdf\">Red Mexicana de Mujeres<\/a><\/h2>\n<\/li>\n<\/ul>\n","protected":false},"excerpt":{"rendered":"<p>Deutschland FEZ-Berlin: Kooperation mit En Buenas Manos e. V. (Europas gr\u00f6\u00dftes gemeinn\u00fctziges Freizeit-, Bildungs- und Erholungszentrum, Berlin) FEZ-Berlin: Projekt &#8222;Paradies Wuhlheide&#8220; (Europas gr\u00f6\u00dftes gemeinn\u00fctziges Freizeit-, Bildungs- und Erholungszentrum, Berlin) FEZ-Berl\u00edn: proyecto &#8222;Para\u00edso Wuhlheide&#8220; (mayor centro europeo recreativo y educativo sin &hellip; <a href=\"https:\/\/www.el-pan-alegre.org\/wordpress\/en-buenas-manos-e-v\/was-machen-wir\/referenzen\/\">Weiterlesen <span class=\"meta-nav\">&rarr;<\/span><\/a><\/p>\n","protected":false},"author":2,"featured_media":0,"parent":497,"menu_order":11,"comment_status":"closed","ping_status":"closed","template":"","meta":{"jetpack_post_was_ever_published":false,"footnotes":""},"class_list":["post-1795","page","type-page","status-publish","hentry"],"yoast_head":"<!-- This site is optimized with the Yoast SEO plugin v27.5 - https:\/\/yoast.com\/product\/yoast-seo-wordpress\/ -->\n<title>Referenzen - El Pan Alegre<\/title>\n<meta name=\"robots\" content=\"index, follow, max-snippet:-1, max-image-preview:large, max-video-preview:-1\" \/>\n<link rel=\"canonical\" href=\"https:\/\/www.el-pan-alegre.org\/wordpress\/en-buenas-manos-e-v\/was-machen-wir\/referenzen\/\" \/>\n<meta property=\"og:locale\" content=\"de_DE\" \/>\n<meta property=\"og:type\" content=\"article\" \/>\n<meta property=\"og:title\" content=\"Referenzen - El Pan Alegre\" \/>\n<meta property=\"og:description\" content=\"Deutschland FEZ-Berlin: Kooperation mit En Buenas Manos e. V. (Europas gr\u00f6\u00dftes gemeinn\u00fctziges Freizeit-, Bildungs- und Erholungszentrum, Berlin) FEZ-Berlin: Projekt &#8222;Paradies Wuhlheide&#8220; (Europas gr\u00f6\u00dftes gemeinn\u00fctziges Freizeit-, Bildungs- und Erholungszentrum, Berlin) FEZ-Berl\u00edn: proyecto &#8222;Para\u00edso Wuhlheide&#8220; (mayor centro europeo recreativo y educativo sin &hellip; Weiterlesen &rarr;\" \/>\n<meta property=\"og:url\" content=\"https:\/\/www.el-pan-alegre.org\/wordpress\/en-buenas-manos-e-v\/was-machen-wir\/referenzen\/\" \/>\n<meta property=\"og:site_name\" content=\"El Pan Alegre\" \/>\n<meta property=\"article:modified_time\" content=\"2018-01-04T16:35:02+00:00\" \/>\n<meta name=\"twitter:card\" content=\"summary_large_image\" \/>\n<script type=\"application\/ld+json\" class=\"yoast-schema-graph\">{\"@context\":\"https:\\\/\\\/schema.org\",\"@graph\":[{\"@type\":\"WebPage\",\"@id\":\"https:\\\/\\\/www.el-pan-alegre.org\\\/wordpress\\\/en-buenas-manos-e-v\\\/was-machen-wir\\\/referenzen\\\/\",\"url\":\"https:\\\/\\\/www.el-pan-alegre.org\\\/wordpress\\\/en-buenas-manos-e-v\\\/was-machen-wir\\\/referenzen\\\/\",\"name\":\"Referenzen - El Pan Alegre\",\"isPartOf\":{\"@id\":\"https:\\\/\\\/www.el-pan-alegre.org\\\/wordpress\\\/#website\"},\"datePublished\":\"2018-01-04T14:59:23+00:00\",\"dateModified\":\"2018-01-04T16:35:02+00:00\",\"breadcrumb\":{\"@id\":\"https:\\\/\\\/www.el-pan-alegre.org\\\/wordpress\\\/en-buenas-manos-e-v\\\/was-machen-wir\\\/referenzen\\\/#breadcrumb\"},\"inLanguage\":\"de\",\"potentialAction\":[{\"@type\":\"ReadAction\",\"target\":[\"https:\\\/\\\/www.el-pan-alegre.org\\\/wordpress\\\/en-buenas-manos-e-v\\\/was-machen-wir\\\/referenzen\\\/\"]}]},{\"@type\":\"BreadcrumbList\",\"@id\":\"https:\\\/\\\/www.el-pan-alegre.org\\\/wordpress\\\/en-buenas-manos-e-v\\\/was-machen-wir\\\/referenzen\\\/#breadcrumb\",\"itemListElement\":[{\"@type\":\"ListItem\",\"position\":1,\"name\":\"Home\",\"item\":\"https:\\\/\\\/www.el-pan-alegre.org\\\/wordpress\\\/\"},{\"@type\":\"ListItem\",\"position\":2,\"name\":\"En Buenas Manos e. V.\",\"item\":\"https:\\\/\\\/www.el-pan-alegre.org\\\/wordpress\\\/en-buenas-manos-e-v\\\/\"},{\"@type\":\"ListItem\",\"position\":3,\"name\":\"Was machen wir?\",\"item\":\"https:\\\/\\\/www.el-pan-alegre.org\\\/wordpress\\\/en-buenas-manos-e-v\\\/was-machen-wir\\\/\"},{\"@type\":\"ListItem\",\"position\":4,\"name\":\"Referenzen\"}]},{\"@type\":\"WebSite\",\"@id\":\"https:\\\/\\\/www.el-pan-alegre.org\\\/wordpress\\\/#website\",\"url\":\"https:\\\/\\\/www.el-pan-alegre.org\\\/wordpress\\\/\",\"name\":\"El Pan Alegre\",\"description\":\"Das Fr\u00f6hliche Brot\",\"potentialAction\":[{\"@type\":\"SearchAction\",\"target\":{\"@type\":\"EntryPoint\",\"urlTemplate\":\"https:\\\/\\\/www.el-pan-alegre.org\\\/wordpress\\\/?s={search_term_string}\"},\"query-input\":{\"@type\":\"PropertyValueSpecification\",\"valueRequired\":true,\"valueName\":\"search_term_string\"}}],\"inLanguage\":\"de\"}]}<\/script>\n<!-- \/ Yoast SEO plugin. -->","yoast_head_json":{"title":"Referenzen - El Pan Alegre","robots":{"index":"index","follow":"follow","max-snippet":"max-snippet:-1","max-image-preview":"max-image-preview:large","max-video-preview":"max-video-preview:-1"},"canonical":"https:\/\/www.el-pan-alegre.org\/wordpress\/en-buenas-manos-e-v\/was-machen-wir\/referenzen\/","og_locale":"de_DE","og_type":"article","og_title":"Referenzen - El Pan Alegre","og_description":"Deutschland FEZ-Berlin: Kooperation mit En Buenas Manos e. V. (Europas gr\u00f6\u00dftes gemeinn\u00fctziges Freizeit-, Bildungs- und Erholungszentrum, Berlin) FEZ-Berlin: Projekt &#8222;Paradies Wuhlheide&#8220; (Europas gr\u00f6\u00dftes gemeinn\u00fctziges Freizeit-, Bildungs- und Erholungszentrum, Berlin) FEZ-Berl\u00edn: proyecto &#8222;Para\u00edso Wuhlheide&#8220; (mayor centro europeo recreativo y educativo sin &hellip; Weiterlesen &rarr;","og_url":"https:\/\/www.el-pan-alegre.org\/wordpress\/en-buenas-manos-e-v\/was-machen-wir\/referenzen\/","og_site_name":"El Pan Alegre","article_modified_time":"2018-01-04T16:35:02+00:00","twitter_card":"summary_large_image","schema":{"@context":"https:\/\/schema.org","@graph":[{"@type":"WebPage","@id":"https:\/\/www.el-pan-alegre.org\/wordpress\/en-buenas-manos-e-v\/was-machen-wir\/referenzen\/","url":"https:\/\/www.el-pan-alegre.org\/wordpress\/en-buenas-manos-e-v\/was-machen-wir\/referenzen\/","name":"Referenzen - El Pan Alegre","isPartOf":{"@id":"https:\/\/www.el-pan-alegre.org\/wordpress\/#website"},"datePublished":"2018-01-04T14:59:23+00:00","dateModified":"2018-01-04T16:35:02+00:00","breadcrumb":{"@id":"https:\/\/www.el-pan-alegre.org\/wordpress\/en-buenas-manos-e-v\/was-machen-wir\/referenzen\/#breadcrumb"},"inLanguage":"de","potentialAction":[{"@type":"ReadAction","target":["https:\/\/www.el-pan-alegre.org\/wordpress\/en-buenas-manos-e-v\/was-machen-wir\/referenzen\/"]}]},{"@type":"BreadcrumbList","@id":"https:\/\/www.el-pan-alegre.org\/wordpress\/en-buenas-manos-e-v\/was-machen-wir\/referenzen\/#breadcrumb","itemListElement":[{"@type":"ListItem","position":1,"name":"Home","item":"https:\/\/www.el-pan-alegre.org\/wordpress\/"},{"@type":"ListItem","position":2,"name":"En Buenas Manos e. V.","item":"https:\/\/www.el-pan-alegre.org\/wordpress\/en-buenas-manos-e-v\/"},{"@type":"ListItem","position":3,"name":"Was machen wir?","item":"https:\/\/www.el-pan-alegre.org\/wordpress\/en-buenas-manos-e-v\/was-machen-wir\/"},{"@type":"ListItem","position":4,"name":"Referenzen"}]},{"@type":"WebSite","@id":"https:\/\/www.el-pan-alegre.org\/wordpress\/#website","url":"https:\/\/www.el-pan-alegre.org\/wordpress\/","name":"El Pan Alegre","description":"Das Fr\u00f6hliche Brot","potentialAction":[{"@type":"SearchAction","target":{"@type":"EntryPoint","urlTemplate":"https:\/\/www.el-pan-alegre.org\/wordpress\/?s={search_term_string}"},"query-input":{"@type":"PropertyValueSpecification","valueRequired":true,"valueName":"search_term_string"}}],"inLanguage":"de"}]}},"jetpack_sharing_enabled":true,"jetpack_shortlink":"https:\/\/wp.me\/P62TDh-sX","jetpack-related-posts":[{"id":567,"url":"https:\/\/www.el-pan-alegre.org\/wordpress\/machen\/vernetzung\/","url_meta":{"origin":1795,"position":0},"title":"Vernetzung","author":"Anja Mocker","date":"22. April 2015","format":false,"excerpt":"Netzwerken in Deutschland und Kuba: Ansprechpartnerin: Madeleine Porr, kontakt[at]el-pan-alegre.org Vernetzung mit ... \/ Enlace con ... ackerdemia Akademie f\u00fcr Visionautik Aktion Mensch Anja Mocker ATB Leibniz-Institut f\u00fcr Agrartechnik Potsdam-Bornim Berlin 21 Berliner Innovationskreis Blogpatenschaften bpb - Bundeszentrale f\u00fcr politische Bildung Der Parit\u00e4tische Berlin (Deutscher Parit\u00e4tischer Wohlfahrtsverband, Landesverband Berlin e. V.)\u2026","rel":"","context":"Mit 1 Kommentar","block_context":{"text":"Mit 1 Kommentar","link":"https:\/\/www.el-pan-alegre.org\/wordpress\/machen\/vernetzung\/#comments"},"img":{"alt_text":"","src":"","width":0,"height":0},"classes":[]},{"id":2193,"url":"https:\/\/www.el-pan-alegre.org\/wordpress\/en-buenas-manos-e-v\/zum-verein\/","url_meta":{"origin":1795,"position":1},"title":"Zum Verein","author":"Madeleine Porr","date":"14. September 2019","format":false,"excerpt":"gegr. 2005, Sitz: Berlin institutioneller Tr\u00e4ger des Regionalentwicklungskonzepts El Pan Alegre - Das Fr\u00f6hliche Brot, Beispiel f\u00fcr geschlossene optimierte Stoffstromkreisl\u00e4ufe mit den Komponenten Amaranth und Biogas aus organischen Hausabf\u00e4llen aktuell 10 Mitglieder + 1 Ehrenmitglied, davon 5 aktiv (Vorstand, Workshops); Aktivit\u00e4ten aktuell in Berlin und Havanna\/Kuba Finanzierung aktuell durch Mitgliedsbeitr\u00e4ge,\u2026","rel":"","context":"\u00c4hnlicher Beitrag","block_context":{"text":"\u00c4hnlicher Beitrag","link":""},"img":{"alt_text":"","src":"","width":0,"height":0},"classes":[]},{"id":579,"url":"https:\/\/www.el-pan-alegre.org\/wordpress\/machen\/projekte-de\/","url_meta":{"origin":1795,"position":2},"title":"Projekte Deutschland","author":"Anja Mocker","date":"22. April 2015","format":false,"excerpt":"Im FEZ-Berlin 2010-15 PARADIES WUHLHEIDE Im Prinzessinnengarten Berlin Im Theater am Rand \/ Oderbruch -\u00a0 Kindertheaterst\u00fcck \"Das Fr\u00f6hliche Brot\" -\u00a0 Amaranth-Kinderlied Im \u00d6kowerk Tornow Bei der Jahreskonferenz des Deutschen Nachhaltigkeitsrates Bei den Geschmackstagen in der Berliner Markthalle IX Beim Familienrenntag im Pferdesportpark Berlin-Karlshorst Beim Weihnachts-Lichtermarkt Berlin-Lichtenrade Beim Tag der Offenen\u2026","rel":"","context":"\u00c4hnlicher Beitrag","block_context":{"text":"\u00c4hnlicher Beitrag","link":""},"img":{"alt_text":"2013-Bundeskanzleramt","src":"https:\/\/i0.wp.com\/www.el-pan-alegre.org\/wordpress\/wp-content\/uploads\/2015\/04\/2013-Bundeskanzleramt-150x150.jpg?resize=350%2C200","width":350,"height":200},"classes":[]},{"id":1119,"url":"https:\/\/www.el-pan-alegre.org\/wordpress\/machen\/projekte-de\/paradies-wuhlheide\/","url_meta":{"origin":1795,"position":3},"title":"PARADIES WUHLHEIDE","author":"Madeleine Porr","date":"24. Januar 2016","format":false,"excerpt":"2010-15\u00a0 Entwicklungsprozess PARADIES WUHLHEIDE \u00a0 2015\u00a0 Nachhaltigkeitsbewertung PARADIES WUHLHEIDE \/ Beuth-Hochschule f\u00fcr Technik Berlin \u00a0 \u00a02015\u00a0 Zeugnis f\u00fcr Madeleine Porr - PARADIES WUHLHEIDE \u00a0 \u00a0 \u00a0","rel":"","context":"\u00c4hnlicher Beitrag","block_context":{"text":"\u00c4hnlicher Beitrag","link":""},"img":{"alt_text":"Paradies_wuhlheide_vision_15Feb2011","src":"https:\/\/i0.wp.com\/www.el-pan-alegre.org\/wordpress\/wp-content\/uploads\/2016\/01\/Paradies_wuhlheide_vision_15Feb2011-1024x899.jpg?resize=350%2C200","width":350,"height":200,"srcset":"https:\/\/i0.wp.com\/www.el-pan-alegre.org\/wordpress\/wp-content\/uploads\/2016\/01\/Paradies_wuhlheide_vision_15Feb2011-1024x899.jpg?resize=350%2C200 1x, https:\/\/i0.wp.com\/www.el-pan-alegre.org\/wordpress\/wp-content\/uploads\/2016\/01\/Paradies_wuhlheide_vision_15Feb2011-1024x899.jpg?resize=525%2C300 1.5x"},"classes":[]},{"id":1133,"url":"https:\/\/www.el-pan-alegre.org\/wordpress\/machen\/projekte-de\/im-fez-berlin\/","url_meta":{"origin":1795,"position":4},"title":"Im FEZ-Berlin 2010-15","author":"Madeleine Porr","date":"24. Januar 2016","format":false,"excerpt":"Referenzschreiben des FEZ-Berlin a)\u00a0 Amaranth-Workshops f\u00fcr Schulklassen: Start im FEZ \"Ein starkes Korn f\u00fcr starke Kinder!\" * Amaranth & Honig - ein starkes Team f\u00fcr starke Kinder! Amaranth-Reis-Woche b)\u00a0 Biogas-Workshops f\u00fcr Schulklassen: Der Schatz aus dem \"M\u00fcll\" c)\u00a0 Kreislauf-Workshops f\u00fcr Schulklassen: Die verborgenen Natursch\u00e4tze Sachbericht Foto-Dokumentation d)\u00a0 Kreislauf-Pr\u00e4sentationen bei Wochenendveranstaltungen\u2026","rel":"","context":"\u00c4hnlicher Beitrag","block_context":{"text":"\u00c4hnlicher Beitrag","link":""},"img":{"alt_text":"Team-1","src":"https:\/\/i0.wp.com\/www.el-pan-alegre.org\/wordpress\/wp-content\/uploads\/2016\/01\/Team-1-300x300.jpg?resize=350%2C200","width":350,"height":200},"classes":[]},{"id":488,"url":"https:\/\/www.el-pan-alegre.org\/wordpress\/galerie\/","url_meta":{"origin":1795,"position":5},"title":"Film-\/Fotogalerie","author":"Anja Mocker","date":"22. April 2015","format":false,"excerpt":"+ + +\u00a0 s. auch Blogspot\u00a0 + + + FILM \"Nachhaltig stark und schlau!\" (7:44 Min.) Bildung f\u00fcr nachhaltige Entwicklung; En Buenas Manos e. V. & FEZ-Berlin, 2012 FOTOSHOWS 2009: Probeworkshop im FEZ - \"Abenteuer Gesundheit\" 2010: Start im FEZ-Berlin 2010: AMARANTH-Thementag in der FEZitty, der Sommerferien-Kinderhauptstadt 2010: AMARANTH im\u2026","rel":"","context":"\u00c4hnlicher Beitrag","block_context":{"text":"\u00c4hnlicher Beitrag","link":""},"img":{"alt_text":"","src":"","width":0,"height":0},"classes":[]}],"_links":{"self":[{"href":"https:\/\/www.el-pan-alegre.org\/wordpress\/wp-json\/wp\/v2\/pages\/1795","targetHints":{"allow":["GET"]}}],"collection":[{"href":"https:\/\/www.el-pan-alegre.org\/wordpress\/wp-json\/wp\/v2\/pages"}],"about":[{"href":"https:\/\/www.el-pan-alegre.org\/wordpress\/wp-json\/wp\/v2\/types\/page"}],"author":[{"embeddable":true,"href":"https:\/\/www.el-pan-alegre.org\/wordpress\/wp-json\/wp\/v2\/users\/2"}],"replies":[{"embeddable":true,"href":"https:\/\/www.el-pan-alegre.org\/wordpress\/wp-json\/wp\/v2\/comments?post=1795"}],"version-history":[{"count":8,"href":"https:\/\/www.el-pan-alegre.org\/wordpress\/wp-json\/wp\/v2\/pages\/1795\/revisions"}],"predecessor-version":[{"id":1826,"href":"https:\/\/www.el-pan-alegre.org\/wordpress\/wp-json\/wp\/v2\/pages\/1795\/revisions\/1826"}],"up":[{"embeddable":true,"href":"https:\/\/www.el-pan-alegre.org\/wordpress\/wp-json\/wp\/v2\/pages\/497"}],"wp:attachment":[{"href":"https:\/\/www.el-pan-alegre.org\/wordpress\/wp-json\/wp\/v2\/media?parent=1795"}],"curies":[{"name":"wp","href":"https:\/\/api.w.org\/{rel}","templated":true}]}}