{"id":1328,"date":"2016-03-21T00:40:49","date_gmt":"2016-03-20T23:40:49","guid":{"rendered":"http:\/\/www.el-pan-alegre.org\/wordpress\/?page_id=1328"},"modified":"2018-01-05T13:22:53","modified_gmt":"2018-01-05T12:22:53","slug":"ausserdem","status":"publish","type":"page","link":"https:\/\/www.el-pan-alegre.org\/wordpress\/wissen\/themen\/ausserdem\/","title":{"rendered":"Au\u00dferdem \/ Adem\u00e1s \/ Additionally &#8230;"},"content":{"rendered":"<ul>\n<li><a href=\"http:\/\/www.agriculturesnetwork.org\/about-us\">AgriCultures Network &#8211; &#8230; shares knowledge and provides information on small-scale, sustainable agriculture worldwide<\/a><\/li>\n<li><a href=\"http:\/\/www.umweltkalender-berlin.de\/\">Aktiv in Sachen Umwelt in Berlin: der Umweltkalender der Stiftung Naturschutz Berlin<\/a><\/li>\n<li><a href=\"http:\/\/www.campact.de\/campact\/about\/home\">CAMPACT.DE &#8211; Internet-Kampagnen zu aktuellen politischen Entscheidungen in Deutschland<\/a><\/li>\n<li><a href=\"http:\/\/www.hanfhaus.de\/historia-i-2.html\">C\u00e1\u00f1amo &#8211; La historia de una valiosa planta satanizada<\/a><\/li>\n<li><a href=\"http:\/\/es.wikipedia.org\/w\/index.php?title=Salvia_hispanica&amp;printable=yes\">Chia (Salvia hispanica) &#8211; Alimento b\u00e1sico de las civilizaciones de Am\u00e9rica Central con alta concentraci\u00f3n de \u00e1cido graso alfa-linol\u00e9nico omega 3<\/a><\/li>\n<li><a href=\"http:\/\/www.myfootprint.org\/en\/\">Ecological Footprint<\/a><\/li>\n<li><a href=\"http:\/\/www.ecoportal.net\/Contenido\/EcoPortal\/que_es_ecoportal_net\">EcoPortal.net &#8211; &#8222;El directorio ecol\u00f3gico y natural&#8220;<\/a><\/li>\n<li><a href=\"http:\/\/www.em-sanierung.de\/46\/Effektive_Mikroorganismen\/Effekt._Mikroorganismen.html\">Effektive Mikroorganismen (EM) &#8211; Wer sind sie?<\/a><\/li>\n<li><a href=\"http:\/\/www.em-chiemgau.de\/pdf\/wissenschaftliche_arbeiten\/emc_reiniger_fh_deutsch_10.pdf\">Effektive Mikroorganismen (EM) &#8211; Reinigungswirkung (Diplomarbeit 2006)<\/a><\/li>\n<li><a href=\"http:\/\/www.energyharvesting.at\/energiequellen.html\">Energy harvesting \/ Energie-Ernten &#8211; Erzeugung von Strom aus Quellen wie Umgebungstemperatur, Vibrationen oder Luftstr\u00f6mungen<\/a><\/li>\n<li><a href=\"http:\/\/www.inwo.de\/\">FAIRCONOMY &#8211; Initiative f\u00fcr Nat\u00fcrliche Wirtschaftsordnung<\/a><\/li>\n<li><a href=\"http:\/\/www.foodwatch.de\/\">FOODWATCH &#8211; Achtsam essen<\/a><\/li>\n<li><a href=\"http:\/\/www.frauensprache.com\/sprachleitfaden.pdf\">Gender &#8211; Leitfaden f\u00fcr geschlechtergerechtes Formulieren<\/a><\/li>\n<li><a href=\"http:\/\/www.docs.forumue.de\/rundbriefe\/200403.pdf\">Gender &#8211; &#8222;Gender und Nachhaltigkeit&#8220; (Rundbrief III\/2004, Forum Umwelt &amp; Entwicklung)<\/a><\/li>\n<li><a href=\"http:\/\/www.bmfsfj.de\/RedaktionBMFSFJ\/Broschuerenstelle\/Pdf-Anlagen\/Managerinnen-50-plus,property=pdf,bereich=bmfsfj,sprache=de,rwb=true.pdf\">Gender &#8211; Studie &#8222;Managerinnen 50 plus&#8220;<\/a><\/li>\n<li><a href=\"http:\/\/mca.ugt.org\/documentos\/0\/doc4263.pdf\">G\u00e9nero &#8211; Informe sobre el Lenguaje No Sexista en el Parlamento Europeo<\/a><\/li>\n<li><a href=\"http:\/\/webs.uvigo.es\/pmayobre\/pdf\/proqualitas_equal_marco_conceptual_en_la_socializacion_de_genero.pdf\">G\u00e9nero &#8211; &#8222;Marco conceptual en la socializaci\u00f3n de g\u00e9nero; una mirada desde la filosof\u00eda&#8220; (autora: Purificaci\u00f3n Mayobre Rodr\u00edguez, Espa\u00f1a)<\/a><\/li>\n<li><a href=\"http:\/\/earthopensource.org\/files\/pdfs\/GMO_Myths_and_Truths\/GMO_Myths_and_Truths_1.3.pdf\">Genetically modified (GM) crops (Eng): &#8222;GMO Myths and Truths&#8220; (report, 123 pages; june, 2012)<\/a><\/li>\n<li><a href=\"http:\/\/www.keine-gentechnik.de\/argumente.html\">Gentechnik &#8211; Informationsdienst c\/o Zukunftsstiftung Landwirtschaft<\/a><\/li>\n<li><a href=\"http:\/\/www.bantam-mais.de\/warum-bantam.html\">&#8230; &#8211; BANTAM-Mais = gentechnikfreie Zone<\/a><\/li>\n<li><a href=\"http:\/\/www.keine-gentechnik.de\/fileadmin\/files\/Infodienst\/Dokumente\/flyer_neues_layout_gruen.pdf\">&#8230; &#8211; Flyer &#8222;Gute Gr\u00fcnde gegen Gentechnik in der Landwirtschaft&#8220;<\/a><\/li>\n<li><a href=\"http:\/\/www.keine-gentechnik.de\/wer-wie-was.html\">&#8230; &#8211; Sch\u00fclerseiten: Werwiewas Gentechnik?!<\/a><\/li>\n<li><a href=\"http:\/\/alles-schallundrauch.blogspot.com\/2009\/05\/warum-die-wunderpflanze-hanf-verboten.html\">Hanf &#8211; Die Geschichte einer verteufelten Wunderpflanze<\/a><\/li>\n<li><a href=\"http:\/\/www.huellahidrica.org\/index.php?page=files\/home\">Huella h\u00eddrica<\/a><\/li>\n<li><a href=\"http:\/\/www.inkota.de\/ueber-uns\/\">INKOTA e.V. &#8211; &#8222;Wir haben es satt, dass andere hungern&#8220;<\/a><\/li>\n<li><a href=\"http:\/\/www.ithaka-journal.net\/inhalt\/klimafarming?lang=de\">Ithaka-Journal f\u00fcr \u00d6kologie, Weinbau und Klimafarming<\/a><\/li>\n<li><a href=\"http:\/\/www.umweltdaten.de\/publikationen\/fpdf-l\/4078.pdf\">Jugend + Nachhaltigkeit &#8211; Das Thema Nachhaltigkeit bei der jungen Generation anschlussf\u00e4hig machen (Studie des Deutschen Umweltbundesamtes, M\u00e4rz 2011)<\/a><\/li>\n<li><a href=\"http:\/\/www.local-climate-protection.eu\/zoom2009.html?&amp;L=1\">Klima-B\u00fcndnis \/ Climate Allliance \/ Alianza del Clima e.V. &#8211; &#8222;Kleine Klimasch\u00fctzer unterwegs!&#8220;<\/a><\/li>\n<li><a href=\"http:\/\/www.aquaterra-berlin.de\/images\/stories\/klimamemorandum\/ripl-scheer_2007-11-15_memorandum-klimawandel_.pdf\">Klimaschutz ist nicht CO2- Verringerung &#8211; Ripl, W. \/ Scheer, H.<\/a><\/li>\n<li><a href=\"http:\/\/de.wikipedia.org\/wiki\/Gewaltfreie_Kommunikation\">Kommunikation &#8211; gewaltfrei n. Marshall Rosenberg (Einf\u00fchrung)<\/a><\/li>\n<li><a href=\"http:\/\/www.gewaltfrei-kommunizieren.de\/idee.htm\">Kommunikation &#8211; gewaltfrei n. Marshall Rosenberg (Webseite)<\/a><\/li>\n<li><a href=\"http:\/\/www.el-pan-alegre.org\/Milpa_GIAHS-engl.pdf\">Milpa (Solar) System (Eng) &#8211; Globally Important Agricultural Heritage System (GIAHS)<\/a><\/li>\n<li><a href=\"http:\/\/www.mayas.uady.mx\/articulos\/plantas.html\">Milpa (Esp) &#8211; Etnobot\u00e1nica de las plantas cultivadas por campesinos mayas en las milpas del noroeste de Yucat\u00e1n<\/a><\/li>\n<li><a href=\"http:\/\/www.izt.de\/fileadmin\/downloads\/pdf\/Projekttransfer_Endversion.pdf\">Nachhaltigkeitsprojekte &#8211; &#8222;Wege zum Erfolg: Wie der Transfer von lokalen Nachhaltigkeitsprojekten gelingt&#8220; (Brosch\u00fcre IZT, Berlin)<\/a><\/li>\n<li><a href=\"http:\/\/www.urgewald.de\/_media\/_docs\/RZ_Atombanken_Studie_save_public.pdf\">Nuclear Banks: No Thanks! &#8211; Does my bank provide my money to the nuclear industry?<\/a><\/li>\n<li><a href=\"http:\/\/www.nachhaltigkeit.info\/artikel\/kologischer_fussabdruck_733.htm\">\u00d6kologischer Fu\u00dfabdruck<\/a><\/li>\n<li><a href=\"http:\/\/www.umweltdebatte.de\/kuba-2007.htm\">&#8230; &#8211; Vorbild Kuba<\/a><\/li>\n<li><a href=\"http:\/\/www.regenwald.org\/\">Rettet den Regenwald e.V. &#8211; Kampagnen zum Schutz indigener V\u00f6lker und der tropischen Regenw\u00e4lder<\/a><\/li>\n<li><a href=\"http:\/\/www.regenwald.org\/international\/englisch\/index.php\">Rainforest Rescue (NGO) &#8211; Protest actions in favor of indigenous tribes and against rainforest destruction<\/a><\/li>\n<li><a href=\"http:\/\/www.salvalaselva.org\/\">Salva la Selva (ONG) &#8211; Acciones para la protecci\u00f3n de pueblos ind\u00edgenas y la pluviselva<\/a><\/li>\n<li><a href=\"http:\/\/www.social-reporting-standard.de\/\">Social Reporting Standard<\/a><\/li>\n<li><a href=\"http:\/\/www.saveourseeds.org\/ueber-uns.html\">&#8222;SOS &#8211; Save our seeds&#8220;<\/a><\/li>\n<li><a href=\"http:\/\/www.tu-berlin.de\/fileadmin\/f12\/Downloads\/WB\/Info-Briefe\/Info21.pdf\">Spielend lehren &#8230; : MORE LOVE<\/a><\/li>\n<li><a href=\"http:\/\/www.theater-in-bewegung.org\/\">Theater in Bewegung &#8211; Theorie und Praxis entwicklungspolitischer Theaterarbeit f\u00fcr MultiplikatorInnen und Akteure<\/a><\/li>\n<li><a href=\"http:\/\/upcyclehandbook.wordpress.com\/about\/\">Upcycle it! &#8211; Converting waste materials or useless products into new materials or products of better quality or a higher environmental value<\/a><\/li>\n<li><a href=\"http:\/\/blog.jenseits-des-wachstums.de\/\">&#8222;Jenseits des WACHSTUMS&#8220; &#8211; Kongressdokumentation<\/a><\/li>\n<li><a href=\"http:\/\/www.waterfootprint.org\/?page=files\/home_wasser_fussabdruck\">Wasser-Fu\u00dfabdruck<\/a><\/li>\n<li><a href=\"http:\/\/www.agriculturesnetwork.org\/magazines\/global\/farming-at-close-quarters\/working-with-waste-in-latin-america\">Waste &#8211; Working with waste in Latin America<\/a><\/li>\n<li><a href=\"http:\/\/www.waterfootprint.org\/index.php?page=files\/home\">Water Footprint<\/a><\/li>\n<li><a href=\"http:\/\/www.weed-online.org\/about\/index.html\">WEED &#8211; Weltwirtschaft, \u00d6kologie &amp; Entwicklung e.V.<\/a><\/li>\n<li><a href=\"http:\/\/www.dailymotion.com\/video\/x7izu3_tiefere-ursachen-der-weltfinanzkris_news\">Weltwirtschaft(skrisen): Hintergrund &#8211; Senf, B.<\/a><\/li>\n<li><a href=\"http:\/\/www.wikiwoods.org\/doku.php\/die_idee?DokuWiki=41j3hgshit3qeph7du9oefgqs5\">WikiWoods &#8211; Weltweit B\u00e4ume pflanzen f\u00fcr den Klimaschutz<\/a><\/li>\n<\/ul>\n","protected":false},"excerpt":{"rendered":"<p>AgriCultures Network &#8211; &#8230; shares knowledge and provides information on small-scale, sustainable agriculture worldwide Aktiv in Sachen Umwelt in Berlin: der Umweltkalender der Stiftung Naturschutz Berlin CAMPACT.DE &#8211; Internet-Kampagnen zu aktuellen politischen Entscheidungen in Deutschland C\u00e1\u00f1amo &#8211; La historia de &hellip; <a href=\"https:\/\/www.el-pan-alegre.org\/wordpress\/wissen\/themen\/ausserdem\/\">Weiterlesen <span class=\"meta-nav\">&rarr;<\/span><\/a><\/p>\n","protected":false},"author":2,"featured_media":0,"parent":523,"menu_order":5,"comment_status":"open","ping_status":"open","template":"","meta":{"jetpack_post_was_ever_published":false,"footnotes":""},"class_list":["post-1328","page","type-page","status-publish","hentry"],"yoast_head":"<!-- This site is optimized with the Yoast SEO plugin v27.5 - https:\/\/yoast.com\/product\/yoast-seo-wordpress\/ -->\n<title>Au\u00dferdem \/ Adem\u00e1s \/ Additionally ... - El Pan Alegre<\/title>\n<meta name=\"robots\" content=\"index, follow, max-snippet:-1, max-image-preview:large, max-video-preview:-1\" \/>\n<link rel=\"canonical\" href=\"https:\/\/www.el-pan-alegre.org\/wordpress\/wissen\/themen\/ausserdem\/\" \/>\n<meta property=\"og:locale\" content=\"de_DE\" \/>\n<meta property=\"og:type\" content=\"article\" \/>\n<meta property=\"og:title\" content=\"Au\u00dferdem \/ Adem\u00e1s \/ Additionally ... - El Pan Alegre\" \/>\n<meta property=\"og:description\" content=\"AgriCultures Network &#8211; &#8230; shares knowledge and provides information on small-scale, sustainable agriculture worldwide Aktiv in Sachen Umwelt in Berlin: der Umweltkalender der Stiftung Naturschutz Berlin CAMPACT.DE &#8211; Internet-Kampagnen zu aktuellen politischen Entscheidungen in Deutschland C\u00e1\u00f1amo &#8211; La historia de &hellip; Weiterlesen &rarr;\" \/>\n<meta property=\"og:url\" content=\"https:\/\/www.el-pan-alegre.org\/wordpress\/wissen\/themen\/ausserdem\/\" \/>\n<meta property=\"og:site_name\" content=\"El Pan Alegre\" \/>\n<meta property=\"article:modified_time\" content=\"2018-01-05T12:22:53+00:00\" \/>\n<meta name=\"twitter:card\" content=\"summary_large_image\" \/>\n<meta name=\"twitter:label1\" content=\"Gesch\u00e4tzte Lesezeit\" \/>\n\t<meta name=\"twitter:data1\" content=\"3\u00a0Minuten\" \/>\n<script type=\"application\/ld+json\" class=\"yoast-schema-graph\">{\"@context\":\"https:\\\/\\\/schema.org\",\"@graph\":[{\"@type\":\"WebPage\",\"@id\":\"https:\\\/\\\/www.el-pan-alegre.org\\\/wordpress\\\/wissen\\\/themen\\\/ausserdem\\\/\",\"url\":\"https:\\\/\\\/www.el-pan-alegre.org\\\/wordpress\\\/wissen\\\/themen\\\/ausserdem\\\/\",\"name\":\"Au\u00dferdem \\\/ Adem\u00e1s \\\/ Additionally ... - El Pan Alegre\",\"isPartOf\":{\"@id\":\"https:\\\/\\\/www.el-pan-alegre.org\\\/wordpress\\\/#website\"},\"datePublished\":\"2016-03-20T23:40:49+00:00\",\"dateModified\":\"2018-01-05T12:22:53+00:00\",\"breadcrumb\":{\"@id\":\"https:\\\/\\\/www.el-pan-alegre.org\\\/wordpress\\\/wissen\\\/themen\\\/ausserdem\\\/#breadcrumb\"},\"inLanguage\":\"de\",\"potentialAction\":[{\"@type\":\"ReadAction\",\"target\":[\"https:\\\/\\\/www.el-pan-alegre.org\\\/wordpress\\\/wissen\\\/themen\\\/ausserdem\\\/\"]}]},{\"@type\":\"BreadcrumbList\",\"@id\":\"https:\\\/\\\/www.el-pan-alegre.org\\\/wordpress\\\/wissen\\\/themen\\\/ausserdem\\\/#breadcrumb\",\"itemListElement\":[{\"@type\":\"ListItem\",\"position\":1,\"name\":\"Home\",\"item\":\"https:\\\/\\\/www.el-pan-alegre.org\\\/wordpress\\\/\"},{\"@type\":\"ListItem\",\"position\":2,\"name\":\"Wissen \\\/ Saber\",\"item\":\"https:\\\/\\\/www.el-pan-alegre.org\\\/wordpress\\\/wissen\\\/\"},{\"@type\":\"ListItem\",\"position\":3,\"name\":\"Themen \\\/ Temas\",\"item\":\"https:\\\/\\\/www.el-pan-alegre.org\\\/wordpress\\\/wissen\\\/themen\\\/\"},{\"@type\":\"ListItem\",\"position\":4,\"name\":\"Au\u00dferdem \\\/ Adem\u00e1s \\\/ Additionally &#8230;\"}]},{\"@type\":\"WebSite\",\"@id\":\"https:\\\/\\\/www.el-pan-alegre.org\\\/wordpress\\\/#website\",\"url\":\"https:\\\/\\\/www.el-pan-alegre.org\\\/wordpress\\\/\",\"name\":\"El Pan Alegre\",\"description\":\"Das Fr\u00f6hliche Brot\",\"potentialAction\":[{\"@type\":\"SearchAction\",\"target\":{\"@type\":\"EntryPoint\",\"urlTemplate\":\"https:\\\/\\\/www.el-pan-alegre.org\\\/wordpress\\\/?s={search_term_string}\"},\"query-input\":{\"@type\":\"PropertyValueSpecification\",\"valueRequired\":true,\"valueName\":\"search_term_string\"}}],\"inLanguage\":\"de\"}]}<\/script>\n<!-- \/ Yoast SEO plugin. -->","yoast_head_json":{"title":"Au\u00dferdem \/ Adem\u00e1s \/ Additionally ... - El Pan Alegre","robots":{"index":"index","follow":"follow","max-snippet":"max-snippet:-1","max-image-preview":"max-image-preview:large","max-video-preview":"max-video-preview:-1"},"canonical":"https:\/\/www.el-pan-alegre.org\/wordpress\/wissen\/themen\/ausserdem\/","og_locale":"de_DE","og_type":"article","og_title":"Au\u00dferdem \/ Adem\u00e1s \/ Additionally ... - El Pan Alegre","og_description":"AgriCultures Network &#8211; &#8230; shares knowledge and provides information on small-scale, sustainable agriculture worldwide Aktiv in Sachen Umwelt in Berlin: der Umweltkalender der Stiftung Naturschutz Berlin CAMPACT.DE &#8211; Internet-Kampagnen zu aktuellen politischen Entscheidungen in Deutschland C\u00e1\u00f1amo &#8211; La historia de &hellip; Weiterlesen &rarr;","og_url":"https:\/\/www.el-pan-alegre.org\/wordpress\/wissen\/themen\/ausserdem\/","og_site_name":"El Pan Alegre","article_modified_time":"2018-01-05T12:22:53+00:00","twitter_card":"summary_large_image","twitter_misc":{"Gesch\u00e4tzte Lesezeit":"3\u00a0Minuten"},"schema":{"@context":"https:\/\/schema.org","@graph":[{"@type":"WebPage","@id":"https:\/\/www.el-pan-alegre.org\/wordpress\/wissen\/themen\/ausserdem\/","url":"https:\/\/www.el-pan-alegre.org\/wordpress\/wissen\/themen\/ausserdem\/","name":"Au\u00dferdem \/ Adem\u00e1s \/ Additionally ... - El Pan Alegre","isPartOf":{"@id":"https:\/\/www.el-pan-alegre.org\/wordpress\/#website"},"datePublished":"2016-03-20T23:40:49+00:00","dateModified":"2018-01-05T12:22:53+00:00","breadcrumb":{"@id":"https:\/\/www.el-pan-alegre.org\/wordpress\/wissen\/themen\/ausserdem\/#breadcrumb"},"inLanguage":"de","potentialAction":[{"@type":"ReadAction","target":["https:\/\/www.el-pan-alegre.org\/wordpress\/wissen\/themen\/ausserdem\/"]}]},{"@type":"BreadcrumbList","@id":"https:\/\/www.el-pan-alegre.org\/wordpress\/wissen\/themen\/ausserdem\/#breadcrumb","itemListElement":[{"@type":"ListItem","position":1,"name":"Home","item":"https:\/\/www.el-pan-alegre.org\/wordpress\/"},{"@type":"ListItem","position":2,"name":"Wissen \/ Saber","item":"https:\/\/www.el-pan-alegre.org\/wordpress\/wissen\/"},{"@type":"ListItem","position":3,"name":"Themen \/ Temas","item":"https:\/\/www.el-pan-alegre.org\/wordpress\/wissen\/themen\/"},{"@type":"ListItem","position":4,"name":"Au\u00dferdem \/ Adem\u00e1s \/ Additionally &#8230;"}]},{"@type":"WebSite","@id":"https:\/\/www.el-pan-alegre.org\/wordpress\/#website","url":"https:\/\/www.el-pan-alegre.org\/wordpress\/","name":"El Pan Alegre","description":"Das Fr\u00f6hliche Brot","potentialAction":[{"@type":"SearchAction","target":{"@type":"EntryPoint","urlTemplate":"https:\/\/www.el-pan-alegre.org\/wordpress\/?s={search_term_string}"},"query-input":{"@type":"PropertyValueSpecification","valueRequired":true,"valueName":"search_term_string"}}],"inLanguage":"de"}]}},"jetpack_sharing_enabled":true,"jetpack_shortlink":"https:\/\/wp.me\/P62TDh-lq","jetpack-related-posts":[{"id":579,"url":"https:\/\/www.el-pan-alegre.org\/wordpress\/machen\/projekte-de\/","url_meta":{"origin":1328,"position":0},"title":"Projekte Deutschland","author":"Anja Mocker","date":"22. April 2015","format":false,"excerpt":"Im FEZ-Berlin 2010-15 PARADIES WUHLHEIDE Im Prinzessinnengarten Berlin Im Theater am Rand \/ Oderbruch -\u00a0 Kindertheaterst\u00fcck \"Das Fr\u00f6hliche Brot\" -\u00a0 Amaranth-Kinderlied Im \u00d6kowerk Tornow Bei der Jahreskonferenz des Deutschen Nachhaltigkeitsrates Bei den Geschmackstagen in der Berliner Markthalle IX Beim Familienrenntag im Pferdesportpark Berlin-Karlshorst Beim Weihnachts-Lichtermarkt Berlin-Lichtenrade Beim Tag der Offenen\u2026","rel":"","context":"\u00c4hnlicher Beitrag","block_context":{"text":"\u00c4hnlicher Beitrag","link":""},"img":{"alt_text":"2013-Bundeskanzleramt","src":"https:\/\/i0.wp.com\/www.el-pan-alegre.org\/wordpress\/wp-content\/uploads\/2015\/04\/2013-Bundeskanzleramt-150x150.jpg?resize=350%2C200","width":350,"height":200},"classes":[]},{"id":1133,"url":"https:\/\/www.el-pan-alegre.org\/wordpress\/machen\/projekte-de\/im-fez-berlin\/","url_meta":{"origin":1328,"position":1},"title":"Im FEZ-Berlin 2010-15","author":"Madeleine Porr","date":"24. Januar 2016","format":false,"excerpt":"Referenzschreiben des FEZ-Berlin a)\u00a0 Amaranth-Workshops f\u00fcr Schulklassen: Start im FEZ \"Ein starkes Korn f\u00fcr starke Kinder!\" * Amaranth & Honig - ein starkes Team f\u00fcr starke Kinder! Amaranth-Reis-Woche b)\u00a0 Biogas-Workshops f\u00fcr Schulklassen: Der Schatz aus dem \"M\u00fcll\" c)\u00a0 Kreislauf-Workshops f\u00fcr Schulklassen: Die verborgenen Natursch\u00e4tze Sachbericht Foto-Dokumentation d)\u00a0 Kreislauf-Pr\u00e4sentationen bei Wochenendveranstaltungen\u2026","rel":"","context":"\u00c4hnlicher Beitrag","block_context":{"text":"\u00c4hnlicher Beitrag","link":""},"img":{"alt_text":"Team-1","src":"https:\/\/i0.wp.com\/www.el-pan-alegre.org\/wordpress\/wp-content\/uploads\/2016\/01\/Team-1-300x300.jpg?resize=350%2C200","width":350,"height":200},"classes":[]},{"id":488,"url":"https:\/\/www.el-pan-alegre.org\/wordpress\/galerie\/","url_meta":{"origin":1328,"position":2},"title":"Film-\/Fotogalerie","author":"Anja Mocker","date":"22. April 2015","format":false,"excerpt":"+ + +\u00a0 s. auch Blogspot\u00a0 + + + FILM \"Nachhaltig stark und schlau!\" (7:44 Min.) Bildung f\u00fcr nachhaltige Entwicklung; En Buenas Manos e. V. & FEZ-Berlin, 2012 FOTOSHOWS 2009: Probeworkshop im FEZ - \"Abenteuer Gesundheit\" 2010: Start im FEZ-Berlin 2010: AMARANTH-Thementag in der FEZitty, der Sommerferien-Kinderhauptstadt 2010: AMARANTH im\u2026","rel":"","context":"\u00c4hnlicher Beitrag","block_context":{"text":"\u00c4hnlicher Beitrag","link":""},"img":{"alt_text":"","src":"","width":0,"height":0},"classes":[]},{"id":2193,"url":"https:\/\/www.el-pan-alegre.org\/wordpress\/en-buenas-manos-e-v\/zum-verein\/","url_meta":{"origin":1328,"position":3},"title":"Zum Verein","author":"Madeleine Porr","date":"14. September 2019","format":false,"excerpt":"gegr. 2005, Sitz: Berlin institutioneller Tr\u00e4ger des Regionalentwicklungskonzepts El Pan Alegre - Das Fr\u00f6hliche Brot, Beispiel f\u00fcr geschlossene optimierte Stoffstromkreisl\u00e4ufe mit den Komponenten Amaranth und Biogas aus organischen Hausabf\u00e4llen aktuell 10 Mitglieder + 1 Ehrenmitglied, davon 5 aktiv (Vorstand, Workshops); Aktivit\u00e4ten aktuell in Berlin und Havanna\/Kuba Finanzierung aktuell durch Mitgliedsbeitr\u00e4ge,\u2026","rel":"","context":"\u00c4hnlicher Beitrag","block_context":{"text":"\u00c4hnlicher Beitrag","link":""},"img":{"alt_text":"","src":"","width":0,"height":0},"classes":[]},{"id":567,"url":"https:\/\/www.el-pan-alegre.org\/wordpress\/machen\/vernetzung\/","url_meta":{"origin":1328,"position":4},"title":"Vernetzung","author":"Anja Mocker","date":"22. April 2015","format":false,"excerpt":"Netzwerken in Deutschland und Kuba: Ansprechpartnerin: Madeleine Porr, kontakt[at]el-pan-alegre.org Vernetzung mit ... \/ Enlace con ... ackerdemia Akademie f\u00fcr Visionautik Aktion Mensch Anja Mocker ATB Leibniz-Institut f\u00fcr Agrartechnik Potsdam-Bornim Berlin 21 Berliner Innovationskreis Blogpatenschaften bpb - Bundeszentrale f\u00fcr politische Bildung Der Parit\u00e4tische Berlin (Deutscher Parit\u00e4tischer Wohlfahrtsverband, Landesverband Berlin e. V.)\u2026","rel":"","context":"Mit 1 Kommentar","block_context":{"text":"Mit 1 Kommentar","link":"https:\/\/www.el-pan-alegre.org\/wordpress\/machen\/vernetzung\/#comments"},"img":{"alt_text":"","src":"","width":0,"height":0},"classes":[]},{"id":517,"url":"https:\/\/www.el-pan-alegre.org\/wordpress\/en-buenas-manos-e-v\/zum-verein\/impressum\/","url_meta":{"origin":1328,"position":5},"title":"Impressum","author":"Anja Mocker","date":"22. April 2015","format":false,"excerpt":"En Buenas Manos e.V. (dt.: \u00bbIn Guten H\u00e4nden\u00ab) \u2013 Gemeinn\u00fctziger Verein zur F\u00f6rderung der Kultur, der V\u00f6lkerverst\u00e4ndigung, der Natur und des Umweltschutzes und Tr\u00e4gerverein des Projekts \u201eEl Pan Alegre - Das Fr\u00f6hliche Brot\u201c \u2013 (Vorsitzender: R. Gummlich, Strausberger Stra\u00dfe 37 \/ D-10243 Berlin) E-Mail: kontakt (at) el-pan-alegre (dot) org Das\u2026","rel":"","context":"\u00c4hnlicher Beitrag","block_context":{"text":"\u00c4hnlicher Beitrag","link":""},"img":{"alt_text":"","src":"https:\/\/i0.wp.com\/www.el-pan-alegre.org\/wordpress\/wp-content\/uploads\/2009\/01\/pict-by.png?resize=350%2C200","width":350,"height":200},"classes":[]}],"_links":{"self":[{"href":"https:\/\/www.el-pan-alegre.org\/wordpress\/wp-json\/wp\/v2\/pages\/1328","targetHints":{"allow":["GET"]}}],"collection":[{"href":"https:\/\/www.el-pan-alegre.org\/wordpress\/wp-json\/wp\/v2\/pages"}],"about":[{"href":"https:\/\/www.el-pan-alegre.org\/wordpress\/wp-json\/wp\/v2\/types\/page"}],"author":[{"embeddable":true,"href":"https:\/\/www.el-pan-alegre.org\/wordpress\/wp-json\/wp\/v2\/users\/2"}],"replies":[{"embeddable":true,"href":"https:\/\/www.el-pan-alegre.org\/wordpress\/wp-json\/wp\/v2\/comments?post=1328"}],"version-history":[{"count":12,"href":"https:\/\/www.el-pan-alegre.org\/wordpress\/wp-json\/wp\/v2\/pages\/1328\/revisions"}],"predecessor-version":[{"id":1872,"href":"https:\/\/www.el-pan-alegre.org\/wordpress\/wp-json\/wp\/v2\/pages\/1328\/revisions\/1872"}],"up":[{"embeddable":true,"href":"https:\/\/www.el-pan-alegre.org\/wordpress\/wp-json\/wp\/v2\/pages\/523"}],"wp:attachment":[{"href":"https:\/\/www.el-pan-alegre.org\/wordpress\/wp-json\/wp\/v2\/media?parent=1328"}],"curies":[{"name":"wp","href":"https:\/\/api.w.org\/{rel}","templated":true}]}}