{"id":1166,"date":"2016-01-25T01:35:37","date_gmt":"2016-01-25T00:35:37","guid":{"rendered":"http:\/\/www.el-pan-alegre.org\/wordpress\/?page_id=1166"},"modified":"2016-01-29T04:53:13","modified_gmt":"2016-01-29T03:53:13","slug":"im-prinzessinnengarten-berlin","status":"publish","type":"page","link":"https:\/\/www.el-pan-alegre.org\/wordpress\/machen\/projekte-de\/im-prinzessinnengarten-berlin\/","title":{"rendered":"Im Prinzessinnengarten Berlin"},"content":{"rendered":"<h1><a href=\"http:\/\/www.el-pan-alegre.org\/wordpress\/wp-content\/uploads\/2016\/01\/2010_07_06.-PG1.jpg\"><img loading=\"lazy\" decoding=\"async\" class=\"aligncenter wp-image-1250 size-full\" src=\"http:\/\/www.el-pan-alegre.org\/wordpress\/wp-content\/uploads\/2016\/01\/2010_07_06.-PG1.jpg\" alt=\"2010_07_06.-PG1\" width=\"894\" height=\"671\" srcset=\"https:\/\/www.el-pan-alegre.org\/wordpress\/wp-content\/uploads\/2016\/01\/2010_07_06.-PG1.jpg 894w, https:\/\/www.el-pan-alegre.org\/wordpress\/wp-content\/uploads\/2016\/01\/2010_07_06.-PG1-300x225.jpg 300w, https:\/\/www.el-pan-alegre.org\/wordpress\/wp-content\/uploads\/2016\/01\/2010_07_06.-PG1-400x300.jpg 400w\" sizes=\"auto, (max-width: 894px) 100vw, 894px\" \/><\/a><\/h1>\n<p>&nbsp;<\/p>\n<h1 style=\"text-align: center;\">\u00a02011 und 2012:\u00a0 s. <a href=\"http:\/\/www.el-pan-alegre.org\/wordpress\/galerie\/2010-amaranth-im-prinzessinnengartenberlin\/\">FOTOGALERIE<\/a><\/h1>\n<p>&nbsp;<\/p>\n<p><a href=\"http:\/\/www.el-pan-alegre.org\/wordpress\/wp-content\/uploads\/2016\/01\/2010_07_06.-PG2.jpg\"><img loading=\"lazy\" decoding=\"async\" class=\"aligncenter wp-image-1251 size-full\" src=\"http:\/\/www.el-pan-alegre.org\/wordpress\/wp-content\/uploads\/2016\/01\/2010_07_06.-PG2.jpg\" alt=\"2010_07_06.-PG2\" width=\"734\" height=\"979\" srcset=\"https:\/\/www.el-pan-alegre.org\/wordpress\/wp-content\/uploads\/2016\/01\/2010_07_06.-PG2.jpg 734w, https:\/\/www.el-pan-alegre.org\/wordpress\/wp-content\/uploads\/2016\/01\/2010_07_06.-PG2-225x300.jpg 225w\" sizes=\"auto, (max-width: 734px) 100vw, 734px\" \/><\/a><\/p>\n<p>&nbsp;<\/p>\n<p>&nbsp;<\/p>\n<p>&nbsp;<\/p>\n<p>&nbsp;<\/p>\n<p>&nbsp;<\/p>\n","protected":false},"excerpt":{"rendered":"<p>&nbsp; \u00a02011 und 2012:\u00a0 s. FOTOGALERIE &nbsp; &nbsp; &nbsp; &nbsp; &nbsp; &nbsp;<\/p>\n","protected":false},"author":2,"featured_media":0,"parent":579,"menu_order":2,"comment_status":"open","ping_status":"open","template":"","meta":{"jetpack_post_was_ever_published":false,"footnotes":""},"class_list":["post-1166","page","type-page","status-publish","hentry"],"yoast_head":"<!-- This site is optimized with the Yoast SEO plugin v27.5 - https:\/\/yoast.com\/product\/yoast-seo-wordpress\/ -->\n<title>Im Prinzessinnengarten Berlin - El Pan Alegre<\/title>\n<meta name=\"robots\" content=\"index, follow, max-snippet:-1, max-image-preview:large, max-video-preview:-1\" \/>\n<link rel=\"canonical\" href=\"https:\/\/www.el-pan-alegre.org\/wordpress\/machen\/projekte-de\/im-prinzessinnengarten-berlin\/\" \/>\n<meta property=\"og:locale\" content=\"de_DE\" \/>\n<meta property=\"og:type\" content=\"article\" \/>\n<meta property=\"og:title\" content=\"Im Prinzessinnengarten Berlin - El Pan Alegre\" \/>\n<meta property=\"og:description\" content=\"&nbsp; \u00a02011 und 2012:\u00a0 s. FOTOGALERIE &nbsp; &nbsp; &nbsp; &nbsp; &nbsp; &nbsp;\" \/>\n<meta property=\"og:url\" content=\"https:\/\/www.el-pan-alegre.org\/wordpress\/machen\/projekte-de\/im-prinzessinnengarten-berlin\/\" \/>\n<meta property=\"og:site_name\" content=\"El Pan Alegre\" \/>\n<meta property=\"article:modified_time\" content=\"2016-01-29T03:53:13+00:00\" \/>\n<meta property=\"og:image\" content=\"https:\/\/www.el-pan-alegre.org\/wordpress\/wp-content\/uploads\/2016\/01\/2010_07_06.-PG1.jpg\" \/>\n\t<meta property=\"og:image:width\" content=\"894\" \/>\n\t<meta property=\"og:image:height\" content=\"671\" \/>\n\t<meta property=\"og:image:type\" content=\"image\/jpeg\" \/>\n<meta name=\"twitter:card\" content=\"summary_large_image\" \/>\n<script type=\"application\/ld+json\" class=\"yoast-schema-graph\">{\"@context\":\"https:\\\/\\\/schema.org\",\"@graph\":[{\"@type\":\"WebPage\",\"@id\":\"https:\\\/\\\/www.el-pan-alegre.org\\\/wordpress\\\/machen\\\/projekte-de\\\/im-prinzessinnengarten-berlin\\\/\",\"url\":\"https:\\\/\\\/www.el-pan-alegre.org\\\/wordpress\\\/machen\\\/projekte-de\\\/im-prinzessinnengarten-berlin\\\/\",\"name\":\"Im Prinzessinnengarten Berlin - El Pan Alegre\",\"isPartOf\":{\"@id\":\"https:\\\/\\\/www.el-pan-alegre.org\\\/wordpress\\\/#website\"},\"primaryImageOfPage\":{\"@id\":\"https:\\\/\\\/www.el-pan-alegre.org\\\/wordpress\\\/machen\\\/projekte-de\\\/im-prinzessinnengarten-berlin\\\/#primaryimage\"},\"image\":{\"@id\":\"https:\\\/\\\/www.el-pan-alegre.org\\\/wordpress\\\/machen\\\/projekte-de\\\/im-prinzessinnengarten-berlin\\\/#primaryimage\"},\"thumbnailUrl\":\"http:\\\/\\\/www.el-pan-alegre.org\\\/wordpress\\\/wp-content\\\/uploads\\\/2016\\\/01\\\/2010_07_06.-PG1.jpg\",\"datePublished\":\"2016-01-25T00:35:37+00:00\",\"dateModified\":\"2016-01-29T03:53:13+00:00\",\"breadcrumb\":{\"@id\":\"https:\\\/\\\/www.el-pan-alegre.org\\\/wordpress\\\/machen\\\/projekte-de\\\/im-prinzessinnengarten-berlin\\\/#breadcrumb\"},\"inLanguage\":\"de\",\"potentialAction\":[{\"@type\":\"ReadAction\",\"target\":[\"https:\\\/\\\/www.el-pan-alegre.org\\\/wordpress\\\/machen\\\/projekte-de\\\/im-prinzessinnengarten-berlin\\\/\"]}]},{\"@type\":\"ImageObject\",\"inLanguage\":\"de\",\"@id\":\"https:\\\/\\\/www.el-pan-alegre.org\\\/wordpress\\\/machen\\\/projekte-de\\\/im-prinzessinnengarten-berlin\\\/#primaryimage\",\"url\":\"http:\\\/\\\/www.el-pan-alegre.org\\\/wordpress\\\/wp-content\\\/uploads\\\/2016\\\/01\\\/2010_07_06.-PG1.jpg\",\"contentUrl\":\"http:\\\/\\\/www.el-pan-alegre.org\\\/wordpress\\\/wp-content\\\/uploads\\\/2016\\\/01\\\/2010_07_06.-PG1.jpg\"},{\"@type\":\"BreadcrumbList\",\"@id\":\"https:\\\/\\\/www.el-pan-alegre.org\\\/wordpress\\\/machen\\\/projekte-de\\\/im-prinzessinnengarten-berlin\\\/#breadcrumb\",\"itemListElement\":[{\"@type\":\"ListItem\",\"position\":1,\"name\":\"Home\",\"item\":\"https:\\\/\\\/www.el-pan-alegre.org\\\/wordpress\\\/\"},{\"@type\":\"ListItem\",\"position\":2,\"name\":\"Machen \\\/ Hacer\",\"item\":\"https:\\\/\\\/www.el-pan-alegre.org\\\/wordpress\\\/machen\\\/\"},{\"@type\":\"ListItem\",\"position\":3,\"name\":\"Projekte Deutschland\",\"item\":\"https:\\\/\\\/www.el-pan-alegre.org\\\/wordpress\\\/machen\\\/projekte-de\\\/\"},{\"@type\":\"ListItem\",\"position\":4,\"name\":\"Im Prinzessinnengarten Berlin\"}]},{\"@type\":\"WebSite\",\"@id\":\"https:\\\/\\\/www.el-pan-alegre.org\\\/wordpress\\\/#website\",\"url\":\"https:\\\/\\\/www.el-pan-alegre.org\\\/wordpress\\\/\",\"name\":\"El Pan Alegre\",\"description\":\"Das Fr\u00f6hliche Brot\",\"potentialAction\":[{\"@type\":\"SearchAction\",\"target\":{\"@type\":\"EntryPoint\",\"urlTemplate\":\"https:\\\/\\\/www.el-pan-alegre.org\\\/wordpress\\\/?s={search_term_string}\"},\"query-input\":{\"@type\":\"PropertyValueSpecification\",\"valueRequired\":true,\"valueName\":\"search_term_string\"}}],\"inLanguage\":\"de\"}]}<\/script>\n<!-- \/ Yoast SEO plugin. -->","yoast_head_json":{"title":"Im Prinzessinnengarten Berlin - El Pan Alegre","robots":{"index":"index","follow":"follow","max-snippet":"max-snippet:-1","max-image-preview":"max-image-preview:large","max-video-preview":"max-video-preview:-1"},"canonical":"https:\/\/www.el-pan-alegre.org\/wordpress\/machen\/projekte-de\/im-prinzessinnengarten-berlin\/","og_locale":"de_DE","og_type":"article","og_title":"Im Prinzessinnengarten Berlin - El Pan Alegre","og_description":"&nbsp; \u00a02011 und 2012:\u00a0 s. FOTOGALERIE &nbsp; &nbsp; &nbsp; &nbsp; &nbsp; &nbsp;","og_url":"https:\/\/www.el-pan-alegre.org\/wordpress\/machen\/projekte-de\/im-prinzessinnengarten-berlin\/","og_site_name":"El Pan Alegre","article_modified_time":"2016-01-29T03:53:13+00:00","og_image":[{"width":894,"height":671,"url":"https:\/\/www.el-pan-alegre.org\/wordpress\/wp-content\/uploads\/2016\/01\/2010_07_06.-PG1.jpg","type":"image\/jpeg"}],"twitter_card":"summary_large_image","schema":{"@context":"https:\/\/schema.org","@graph":[{"@type":"WebPage","@id":"https:\/\/www.el-pan-alegre.org\/wordpress\/machen\/projekte-de\/im-prinzessinnengarten-berlin\/","url":"https:\/\/www.el-pan-alegre.org\/wordpress\/machen\/projekte-de\/im-prinzessinnengarten-berlin\/","name":"Im Prinzessinnengarten Berlin - El Pan Alegre","isPartOf":{"@id":"https:\/\/www.el-pan-alegre.org\/wordpress\/#website"},"primaryImageOfPage":{"@id":"https:\/\/www.el-pan-alegre.org\/wordpress\/machen\/projekte-de\/im-prinzessinnengarten-berlin\/#primaryimage"},"image":{"@id":"https:\/\/www.el-pan-alegre.org\/wordpress\/machen\/projekte-de\/im-prinzessinnengarten-berlin\/#primaryimage"},"thumbnailUrl":"http:\/\/www.el-pan-alegre.org\/wordpress\/wp-content\/uploads\/2016\/01\/2010_07_06.-PG1.jpg","datePublished":"2016-01-25T00:35:37+00:00","dateModified":"2016-01-29T03:53:13+00:00","breadcrumb":{"@id":"https:\/\/www.el-pan-alegre.org\/wordpress\/machen\/projekte-de\/im-prinzessinnengarten-berlin\/#breadcrumb"},"inLanguage":"de","potentialAction":[{"@type":"ReadAction","target":["https:\/\/www.el-pan-alegre.org\/wordpress\/machen\/projekte-de\/im-prinzessinnengarten-berlin\/"]}]},{"@type":"ImageObject","inLanguage":"de","@id":"https:\/\/www.el-pan-alegre.org\/wordpress\/machen\/projekte-de\/im-prinzessinnengarten-berlin\/#primaryimage","url":"http:\/\/www.el-pan-alegre.org\/wordpress\/wp-content\/uploads\/2016\/01\/2010_07_06.-PG1.jpg","contentUrl":"http:\/\/www.el-pan-alegre.org\/wordpress\/wp-content\/uploads\/2016\/01\/2010_07_06.-PG1.jpg"},{"@type":"BreadcrumbList","@id":"https:\/\/www.el-pan-alegre.org\/wordpress\/machen\/projekte-de\/im-prinzessinnengarten-berlin\/#breadcrumb","itemListElement":[{"@type":"ListItem","position":1,"name":"Home","item":"https:\/\/www.el-pan-alegre.org\/wordpress\/"},{"@type":"ListItem","position":2,"name":"Machen \/ Hacer","item":"https:\/\/www.el-pan-alegre.org\/wordpress\/machen\/"},{"@type":"ListItem","position":3,"name":"Projekte Deutschland","item":"https:\/\/www.el-pan-alegre.org\/wordpress\/machen\/projekte-de\/"},{"@type":"ListItem","position":4,"name":"Im Prinzessinnengarten Berlin"}]},{"@type":"WebSite","@id":"https:\/\/www.el-pan-alegre.org\/wordpress\/#website","url":"https:\/\/www.el-pan-alegre.org\/wordpress\/","name":"El Pan Alegre","description":"Das Fr\u00f6hliche Brot","potentialAction":[{"@type":"SearchAction","target":{"@type":"EntryPoint","urlTemplate":"https:\/\/www.el-pan-alegre.org\/wordpress\/?s={search_term_string}"},"query-input":{"@type":"PropertyValueSpecification","valueRequired":true,"valueName":"search_term_string"}}],"inLanguage":"de"}]}},"jetpack_sharing_enabled":true,"jetpack_shortlink":"https:\/\/wp.me\/P62TDh-iO","jetpack-related-posts":[{"id":488,"url":"https:\/\/www.el-pan-alegre.org\/wordpress\/galerie\/","url_meta":{"origin":1166,"position":0},"title":"Film-\/Fotogalerie","author":"Anja Mocker","date":"22. April 2015","format":false,"excerpt":"+ + +\u00a0 s. auch Blogspot\u00a0 + + + FILM \"Nachhaltig stark und schlau!\" (7:44 Min.) Bildung f\u00fcr nachhaltige Entwicklung; En Buenas Manos e. V. & FEZ-Berlin, 2012 FOTOSHOWS 2009: Probeworkshop im FEZ - \"Abenteuer Gesundheit\" 2010: Start im FEZ-Berlin 2010: AMARANTH-Thementag in der FEZitty, der Sommerferien-Kinderhauptstadt 2010: AMARANTH im\u2026","rel":"","context":"\u00c4hnlicher Beitrag","block_context":{"text":"\u00c4hnlicher Beitrag","link":""},"img":{"alt_text":"","src":"","width":0,"height":0},"classes":[]},{"id":579,"url":"https:\/\/www.el-pan-alegre.org\/wordpress\/machen\/projekte-de\/","url_meta":{"origin":1166,"position":1},"title":"Projekte Deutschland","author":"Anja Mocker","date":"22. April 2015","format":false,"excerpt":"Im FEZ-Berlin 2010-15 PARADIES WUHLHEIDE Im Prinzessinnengarten Berlin Im Theater am Rand \/ Oderbruch -\u00a0 Kindertheaterst\u00fcck \"Das Fr\u00f6hliche Brot\" -\u00a0 Amaranth-Kinderlied Im \u00d6kowerk Tornow Bei der Jahreskonferenz des Deutschen Nachhaltigkeitsrates Bei den Geschmackstagen in der Berliner Markthalle IX Beim Familienrenntag im Pferdesportpark Berlin-Karlshorst Beim Weihnachts-Lichtermarkt Berlin-Lichtenrade Beim Tag der Offenen\u2026","rel":"","context":"\u00c4hnlicher Beitrag","block_context":{"text":"\u00c4hnlicher Beitrag","link":""},"img":{"alt_text":"2013-Bundeskanzleramt","src":"https:\/\/i0.wp.com\/www.el-pan-alegre.org\/wordpress\/wp-content\/uploads\/2015\/04\/2013-Bundeskanzleramt-150x150.jpg?resize=350%2C200","width":350,"height":200},"classes":[]},{"id":907,"url":"https:\/\/www.el-pan-alegre.org\/wordpress\/galerie\/2010-amaranth-im-prinzessinnengartenberlin\/","url_meta":{"origin":1166,"position":2},"title":"2010: Amaranth im Prinzessinnengarten\/Berlin","author":"Madeleine Porr","date":"6. September 2015","format":false,"excerpt":"\u00a0 \u00a0 \u00a0 \u00a0","rel":"","context":"\u00c4hnlicher Beitrag","block_context":{"text":"\u00c4hnlicher Beitrag","link":""},"img":{"alt_text":"","src":"","width":0,"height":0},"classes":[]},{"id":2193,"url":"https:\/\/www.el-pan-alegre.org\/wordpress\/en-buenas-manos-e-v\/zum-verein\/","url_meta":{"origin":1166,"position":3},"title":"Zum Verein","author":"Madeleine Porr","date":"14. September 2019","format":false,"excerpt":"gegr. 2005, Sitz: Berlin institutioneller Tr\u00e4ger des Regionalentwicklungskonzepts El Pan Alegre - Das Fr\u00f6hliche Brot, Beispiel f\u00fcr geschlossene optimierte Stoffstromkreisl\u00e4ufe mit den Komponenten Amaranth und Biogas aus organischen Hausabf\u00e4llen aktuell 10 Mitglieder + 1 Ehrenmitglied, davon 5 aktiv (Vorstand, Workshops); Aktivit\u00e4ten aktuell in Berlin und Havanna\/Kuba Finanzierung aktuell durch Mitgliedsbeitr\u00e4ge,\u2026","rel":"","context":"\u00c4hnlicher Beitrag","block_context":{"text":"\u00c4hnlicher Beitrag","link":""},"img":{"alt_text":"","src":"","width":0,"height":0},"classes":[]},{"id":567,"url":"https:\/\/www.el-pan-alegre.org\/wordpress\/machen\/vernetzung\/","url_meta":{"origin":1166,"position":4},"title":"Vernetzung","author":"Anja Mocker","date":"22. April 2015","format":false,"excerpt":"Netzwerken in Deutschland und Kuba: Ansprechpartnerin: Madeleine Porr, kontakt[at]el-pan-alegre.org Vernetzung mit ... \/ Enlace con ... ackerdemia Akademie f\u00fcr Visionautik Aktion Mensch Anja Mocker ATB Leibniz-Institut f\u00fcr Agrartechnik Potsdam-Bornim Berlin 21 Berliner Innovationskreis Blogpatenschaften bpb - Bundeszentrale f\u00fcr politische Bildung Der Parit\u00e4tische Berlin (Deutscher Parit\u00e4tischer Wohlfahrtsverband, Landesverband Berlin e. V.)\u2026","rel":"","context":"Mit 1 Kommentar","block_context":{"text":"Mit 1 Kommentar","link":"https:\/\/www.el-pan-alegre.org\/wordpress\/machen\/vernetzung\/#comments"},"img":{"alt_text":"","src":"","width":0,"height":0},"classes":[]},{"id":811,"url":"https:\/\/www.el-pan-alegre.org\/wordpress\/en-buenas-manos-e-v\/was-machen-wir\/arbeitsberichte\/","url_meta":{"origin":1166,"position":5},"title":"Arbeitsberichte","author":"Madeleine Porr","date":"30. August 2015","format":false,"excerpt":"2025-Aktivit\u00e4ten En Buenas Manos in Deutschland und Kuba2024-Jahresbericht EBM (nach den Kriterien des Social Reporting Standard)2023-Jahresbericht EBM (nach den Kriterien des Social Reporting Standard)2022-Jahresbericht EBM (nach den Kriterien des Social Reporting Standard)2021-Jahresbericht EBM (nach den Kriterien des Social Reporting Standard)2020-Jahresbericht EBM (nach den Kriterien des Social Reporting Standard)2019-Jahresbericht EBM (nach\u2026","rel":"","context":"\u00c4hnlicher Beitrag","block_context":{"text":"\u00c4hnlicher Beitrag","link":""},"img":{"alt_text":"","src":"","width":0,"height":0},"classes":[]}],"_links":{"self":[{"href":"https:\/\/www.el-pan-alegre.org\/wordpress\/wp-json\/wp\/v2\/pages\/1166","targetHints":{"allow":["GET"]}}],"collection":[{"href":"https:\/\/www.el-pan-alegre.org\/wordpress\/wp-json\/wp\/v2\/pages"}],"about":[{"href":"https:\/\/www.el-pan-alegre.org\/wordpress\/wp-json\/wp\/v2\/types\/page"}],"author":[{"embeddable":true,"href":"https:\/\/www.el-pan-alegre.org\/wordpress\/wp-json\/wp\/v2\/users\/2"}],"replies":[{"embeddable":true,"href":"https:\/\/www.el-pan-alegre.org\/wordpress\/wp-json\/wp\/v2\/comments?post=1166"}],"version-history":[{"count":7,"href":"https:\/\/www.el-pan-alegre.org\/wordpress\/wp-json\/wp\/v2\/pages\/1166\/revisions"}],"predecessor-version":[{"id":1254,"href":"https:\/\/www.el-pan-alegre.org\/wordpress\/wp-json\/wp\/v2\/pages\/1166\/revisions\/1254"}],"up":[{"embeddable":true,"href":"https:\/\/www.el-pan-alegre.org\/wordpress\/wp-json\/wp\/v2\/pages\/579"}],"wp:attachment":[{"href":"https:\/\/www.el-pan-alegre.org\/wordpress\/wp-json\/wp\/v2\/media?parent=1166"}],"curies":[{"name":"wp","href":"https:\/\/api.w.org\/{rel}","templated":true}]}}